{"id":2900,"date":"2021-01-15T09:27:32","date_gmt":"2021-01-15T07:27:32","guid":{"rendered":"https:\/\/nuoretjaosallisuus.fi\/?page_id=2900"},"modified":"2022-12-27T15:33:24","modified_gmt":"2022-12-27T13:33:24","slug":"kriterium-2-delaktigheten-vaxer-i-takt-med-att-unga-mognar","status":"publish","type":"page","link":"https:\/\/nuoretjaosallisuus.fi\/sv\/kriterium-2-delaktigheten-vaxer-i-takt-med-att-unga-mognar\/","title":{"rendered":"Kriterium 2: Delaktigheten v\u00e4xer i takt med att unga mognar"},"content":{"rendered":"\n<p>Alla ungdomar ska ha m\u00f6jlighet att i enlighet med sin utvecklingsniv\u00e5 \u00f6va sig i att delta och p\u00e5verka. P\u00e5 detta s\u00e4tt l\u00e4r sig ungdomarna att ta initiativ, fr\u00e4mja sina m\u00e5l och ordna verksamhet p\u00e5 egna villkor. Vuxna ska st\u00f6da och hj\u00e4lpa ungdomar n\u00e4r de \u00f6var sig i att delta och p\u00e5verka. Positiva upplevelser av att vara delaktig och p\u00e5verka st\u00e4rker unga personers tro p\u00e5 sina egna f\u00f6rm\u00e5gor. Positiva upplevelser av delaktighet i unga \u00e5r sporrar ungdomar till att vara aktiva p\u00e5 olika livsomr\u00e5den.<\/p>\n\n\n\n<p><strong>Att \u00f6verv\u00e4ga:<\/strong><\/p>\n\n\n\n<ul class=\"wp-block-list\">\n<li><em>Jag \u00e4r redo att dela med mig av ansvaret till ungdomar i enlighet med deras utvecklingsniv\u00e5.<\/em><\/li>\n\n\n\n<li><em>Jag f\u00e4ster uppm\u00e4rksamhet vid olika m\u00f6jligheter f\u00f6r ungdomar att vara delaktiga och p\u00e5verka.<\/em><\/li>\n\n\n\n<li><em>Jag st\u00f6der och hj\u00e4lper ungdomar vid behov att f\u00f6rbereda sig f\u00f6r att delta och medan de deltar i olika verksamheter.<\/em><\/li>\n\n\n\n<li><em>Jag uppmuntrar ungdomar n\u00e4r de misslyckas.<\/em><\/li>\n\n\n\n<li><em>Jag reflekterar&nbsp;&nbsp;tillsammans med den unga personen om vad hen har l\u00e4rt sig av att delta i kommunens verksamhet.<\/em><\/li>\n<\/ul>\n","protected":false},"excerpt":{"rendered":"<p>Alla ungdomar ska ha m\u00f6jlighet att i enlighet med sin utvecklingsniv\u00e5 \u00f6va sig i att delta och p\u00e5verka. P\u00e5 detta s\u00e4tt l\u00e4r sig ungdomarna att ta initiativ, fr\u00e4mja sina m\u00e5l och ordna verksamhet p\u00e5 egna villkor. Vuxna ska st\u00f6da och hj\u00e4lpa ungdomar n\u00e4r de \u00f6var sig i att delta och p\u00e5verka. Positiva upplevelser av att &hellip; <a href=\"https:\/\/nuoretjaosallisuus.fi\/sv\/kriterium-2-delaktigheten-vaxer-i-takt-med-att-unga-mognar\/\" class=\"more-link\">Lue lis\u00e4\u00e4<span class=\"screen-reader-text\"> &#8221;Kriterium 2: Delaktigheten v\u00e4xer i takt med att unga mognar&#8221;<\/span><\/a><\/p>\n","protected":false},"author":38,"featured_media":0,"parent":0,"menu_order":0,"comment_status":"closed","ping_status":"closed","template":"","meta":{"_acf_changed":false,"_relevanssi_hide_post":"","_relevanssi_hide_content":"","_relevanssi_pin_for_all":"","_relevanssi_pin_keywords":"","_relevanssi_unpin_keywords":"","_relevanssi_related_keywords":"","_relevanssi_related_include_ids":"","_relevanssi_related_exclude_ids":"","_relevanssi_related_no_append":"","_relevanssi_related_not_related":"","_relevanssi_related_posts":"","_relevanssi_noindex_reason":"","_eb_attr":"","footnotes":""},"class_list":["post-2900","page","type-page","status-publish","hentry"],"acf":[],"yoast_head":"<!-- This site is optimized with the Yoast SEO plugin v27.4 - https:\/\/yoast.com\/product\/yoast-seo-wordpress\/ -->\n<title>Kriterium 2: Delaktigheten v\u00e4xer i takt med att unga mognar - Ungas delaktighet<\/title>\n<meta name=\"robots\" content=\"index, follow, max-snippet:-1, max-image-preview:large, max-video-preview:-1\" \/>\n<link rel=\"canonical\" href=\"https:\/\/nuoretjaosallisuus.fi\/sv\/kriterium-2-delaktigheten-vaxer-i-takt-med-att-unga-mognar\/\" \/>\n<meta property=\"og:locale\" content=\"sv_SE\" \/>\n<meta property=\"og:type\" content=\"article\" \/>\n<meta property=\"og:title\" content=\"Kriterium 2: Delaktigheten v\u00e4xer i takt med att unga mognar - Ungas delaktighet\" \/>\n<meta property=\"og:description\" content=\"Alla ungdomar ska ha m\u00f6jlighet att i enlighet med sin utvecklingsniv\u00e5 \u00f6va sig i att delta och p\u00e5verka. P\u00e5 detta s\u00e4tt l\u00e4r sig ungdomarna att ta initiativ, fr\u00e4mja sina m\u00e5l och ordna verksamhet p\u00e5 egna villkor. Vuxna ska st\u00f6da och hj\u00e4lpa ungdomar n\u00e4r de \u00f6var sig i att delta och p\u00e5verka. Positiva upplevelser av att &hellip; Lue lis\u00e4\u00e4 &quot;Kriterium 2: Delaktigheten v\u00e4xer i takt med att unga mognar&quot;\" \/>\n<meta property=\"og:url\" content=\"https:\/\/nuoretjaosallisuus.fi\/sv\/kriterium-2-delaktigheten-vaxer-i-takt-med-att-unga-mognar\/\" \/>\n<meta property=\"og:site_name\" content=\"Ungas delaktighet\" \/>\n<meta property=\"article:modified_time\" content=\"2022-12-27T13:33:24+00:00\" \/>\n<meta name=\"twitter:card\" content=\"summary_large_image\" \/>\n<script type=\"application\/ld+json\" class=\"yoast-schema-graph\">{\"@context\":\"https:\\\/\\\/schema.org\",\"@graph\":[{\"@type\":\"WebPage\",\"@id\":\"https:\\\/\\\/nuoretjaosallisuus.fi\\\/sv\\\/kriterium-2-delaktigheten-vaxer-i-takt-med-att-unga-mognar\\\/\",\"url\":\"https:\\\/\\\/nuoretjaosallisuus.fi\\\/sv\\\/kriterium-2-delaktigheten-vaxer-i-takt-med-att-unga-mognar\\\/\",\"name\":\"Kriterium 2: Delaktigheten v\u00e4xer i takt med att unga mognar - Ungas delaktighet\",\"isPartOf\":{\"@id\":\"https:\\\/\\\/nuoretjaosallisuus.fi\\\/#website\"},\"datePublished\":\"2021-01-15T07:27:32+00:00\",\"dateModified\":\"2022-12-27T13:33:24+00:00\",\"inLanguage\":\"sv-SE\",\"potentialAction\":[{\"@type\":\"ReadAction\",\"target\":[\"https:\\\/\\\/nuoretjaosallisuus.fi\\\/sv\\\/kriterium-2-delaktigheten-vaxer-i-takt-med-att-unga-mognar\\\/\"]}]},{\"@type\":\"WebSite\",\"@id\":\"https:\\\/\\\/nuoretjaosallisuus.fi\\\/#website\",\"url\":\"https:\\\/\\\/nuoretjaosallisuus.fi\\\/\",\"name\":\"Ungas delaktighet\",\"description\":\"Onnistunutta osallisuutta nuorille\",\"potentialAction\":[{\"@type\":\"SearchAction\",\"target\":{\"@type\":\"EntryPoint\",\"urlTemplate\":\"https:\\\/\\\/nuoretjaosallisuus.fi\\\/?s={search_term_string}\"},\"query-input\":{\"@type\":\"PropertyValueSpecification\",\"valueRequired\":true,\"valueName\":\"search_term_string\"}}],\"inLanguage\":\"sv-SE\"}]}<\/script>\n<!-- \/ Yoast SEO plugin. -->","yoast_head_json":{"title":"Kriterium 2: Delaktigheten v\u00e4xer i takt med att unga mognar - Ungas delaktighet","robots":{"index":"index","follow":"follow","max-snippet":"max-snippet:-1","max-image-preview":"max-image-preview:large","max-video-preview":"max-video-preview:-1"},"canonical":"https:\/\/nuoretjaosallisuus.fi\/sv\/kriterium-2-delaktigheten-vaxer-i-takt-med-att-unga-mognar\/","og_locale":"sv_SE","og_type":"article","og_title":"Kriterium 2: Delaktigheten v\u00e4xer i takt med att unga mognar - Ungas delaktighet","og_description":"Alla ungdomar ska ha m\u00f6jlighet att i enlighet med sin utvecklingsniv\u00e5 \u00f6va sig i att delta och p\u00e5verka. P\u00e5 detta s\u00e4tt l\u00e4r sig ungdomarna att ta initiativ, fr\u00e4mja sina m\u00e5l och ordna verksamhet p\u00e5 egna villkor. Vuxna ska st\u00f6da och hj\u00e4lpa ungdomar n\u00e4r de \u00f6var sig i att delta och p\u00e5verka. Positiva upplevelser av att &hellip; Lue lis\u00e4\u00e4 \"Kriterium 2: Delaktigheten v\u00e4xer i takt med att unga mognar\"","og_url":"https:\/\/nuoretjaosallisuus.fi\/sv\/kriterium-2-delaktigheten-vaxer-i-takt-med-att-unga-mognar\/","og_site_name":"Ungas delaktighet","article_modified_time":"2022-12-27T13:33:24+00:00","twitter_card":"summary_large_image","schema":{"@context":"https:\/\/schema.org","@graph":[{"@type":"WebPage","@id":"https:\/\/nuoretjaosallisuus.fi\/sv\/kriterium-2-delaktigheten-vaxer-i-takt-med-att-unga-mognar\/","url":"https:\/\/nuoretjaosallisuus.fi\/sv\/kriterium-2-delaktigheten-vaxer-i-takt-med-att-unga-mognar\/","name":"Kriterium 2: Delaktigheten v\u00e4xer i takt med att unga mognar - Ungas delaktighet","isPartOf":{"@id":"https:\/\/nuoretjaosallisuus.fi\/#website"},"datePublished":"2021-01-15T07:27:32+00:00","dateModified":"2022-12-27T13:33:24+00:00","inLanguage":"sv-SE","potentialAction":[{"@type":"ReadAction","target":["https:\/\/nuoretjaosallisuus.fi\/sv\/kriterium-2-delaktigheten-vaxer-i-takt-med-att-unga-mognar\/"]}]},{"@type":"WebSite","@id":"https:\/\/nuoretjaosallisuus.fi\/#website","url":"https:\/\/nuoretjaosallisuus.fi\/","name":"Ungas delaktighet","description":"Onnistunutta osallisuutta nuorille","potentialAction":[{"@type":"SearchAction","target":{"@type":"EntryPoint","urlTemplate":"https:\/\/nuoretjaosallisuus.fi\/?s={search_term_string}"},"query-input":{"@type":"PropertyValueSpecification","valueRequired":true,"valueName":"search_term_string"}}],"inLanguage":"sv-SE"}]}},"_links":{"self":[{"href":"https:\/\/nuoretjaosallisuus.fi\/sv\/wp-json\/wp\/v2\/pages\/2900","targetHints":{"allow":["GET"]}}],"collection":[{"href":"https:\/\/nuoretjaosallisuus.fi\/sv\/wp-json\/wp\/v2\/pages"}],"about":[{"href":"https:\/\/nuoretjaosallisuus.fi\/sv\/wp-json\/wp\/v2\/types\/page"}],"author":[{"embeddable":true,"href":"https:\/\/nuoretjaosallisuus.fi\/sv\/wp-json\/wp\/v2\/users\/38"}],"replies":[{"embeddable":true,"href":"https:\/\/nuoretjaosallisuus.fi\/sv\/wp-json\/wp\/v2\/comments?post=2900"}],"version-history":[{"count":12,"href":"https:\/\/nuoretjaosallisuus.fi\/sv\/wp-json\/wp\/v2\/pages\/2900\/revisions"}],"predecessor-version":[{"id":8049,"href":"https:\/\/nuoretjaosallisuus.fi\/sv\/wp-json\/wp\/v2\/pages\/2900\/revisions\/8049"}],"wp:attachment":[{"href":"https:\/\/nuoretjaosallisuus.fi\/sv\/wp-json\/wp\/v2\/media?parent=2900"}],"curies":[{"name":"wp","href":"https:\/\/api.w.org\/{rel}","templated":true}]}}