{"id":2904,"date":"2021-01-15T09:27:27","date_gmt":"2021-01-15T07:27:27","guid":{"rendered":"https:\/\/nuoretjaosallisuus.fi\/?page_id=2904"},"modified":"2022-06-22T13:44:49","modified_gmt":"2022-06-22T10:44:49","slug":"kriterium-4","status":"publish","type":"page","link":"https:\/\/nuoretjaosallisuus.fi\/sv\/kriterium-4\/","title":{"rendered":"Kriterium 4: Delaktighet inneb\u00e4r att man delar makt och ansvar"},"content":{"rendered":"\n<p>Ungdomar \u00e4r en resurs som det l\u00f6nar sig att ta vara p\u00e5. L\u00e5t dem delta i gemensam planering, genomf\u00f6rande och utv\u00e4rdering av \u00e4renden s\u00e5 att ungdomarna f\u00e5r sin r\u00f6st h\u00f6rd vid r\u00e4tt tidpunkt f\u00f6re besluten fattas. Undvik skenbar delaktighet d\u00e4r ungdomar inte kan p\u00e5verka p\u00e5 riktigt. N\u00e4r en ung person k\u00e4nner att hens \u00e5sikter och syns\u00e4tt har verklig betydelse, \u00f6kar det viljan att visa intresse och delta \u00e4ven i framtiden. D\u00e4rf\u00f6r \u00e4r det viktigt att alla som deltar f\u00e5r en verklighetstrogen bild av vilken typ av interaktion och vilka m\u00f6jligheter till deltagande det \u00e4r fr\u00e5gan om. Det \u00e4r ocks\u00e5 viktigt att ber\u00e4tta f\u00f6r alla medverkande om hur deltagandet p\u00e5verkar besluten.<\/p>\n\n\n\n<p><strong>Att \u00f6verv\u00e4ga:<\/strong><\/p>\n\n\n\n<ul class=\"wp-block-list\"><li><em>Jag f\u00f6rh\u00e5ller mig positivt och uppmuntrar ungdomar till aktivitet p\u00e5 eget initiativ.<\/em><\/li><li><em>Jag ber\u00e4ttar f\u00f6r ungdomar hur och vad de kan p\u00e5verka.<\/em><\/li><li><em>Jag har p\u00e5 f\u00f6rhand funderat p\u00e5 hur resultaten av ungdomars deltagande kan utnyttjas s\u00e5 att deras deltagande har ett tydligt syfte.<\/em><\/li><li><em>Jag ber\u00e4ttar f\u00f6r ungdomarna om processen de deltar i.&nbsp;<\/em><\/li><li><em>Jag ber\u00e4ttar f\u00f6r ungdomarna som deltagit hur \u00e4rendet avgjordes och p\u00e5 vilket s\u00e4tt deras \u00e5sikter beaktades.<\/em><\/li><li><em>Jag f\u00f6ljer upp och utv\u00e4rderar beslut och \u00e5tg\u00e4rder tillsammans med ungdomarna.<\/em><\/li><\/ul>\n","protected":false},"excerpt":{"rendered":"<p>Ungdomar \u00e4r en resurs som det l\u00f6nar sig att ta vara p\u00e5. L\u00e5t dem delta i gemensam planering, genomf\u00f6rande och utv\u00e4rdering av \u00e4renden s\u00e5 att ungdomarna f\u00e5r sin r\u00f6st h\u00f6rd vid r\u00e4tt tidpunkt f\u00f6re besluten fattas. Undvik skenbar delaktighet d\u00e4r ungdomar inte kan p\u00e5verka p\u00e5 riktigt. N\u00e4r en ung person k\u00e4nner att hens \u00e5sikter och &hellip; <a href=\"https:\/\/nuoretjaosallisuus.fi\/sv\/kriterium-4\/\" class=\"more-link\">Lue lis\u00e4\u00e4<span class=\"screen-reader-text\"> &#8221;Kriterium 4: Delaktighet inneb\u00e4r att man delar makt och ansvar&#8221;<\/span><\/a><\/p>\n","protected":false},"author":38,"featured_media":0,"parent":0,"menu_order":0,"comment_status":"closed","ping_status":"closed","template":"","meta":{"_acf_changed":false,"_relevanssi_hide_post":"","_relevanssi_hide_content":"","_relevanssi_pin_for_all":"","_relevanssi_pin_keywords":"","_relevanssi_unpin_keywords":"","_relevanssi_related_keywords":"","_relevanssi_related_include_ids":"","_relevanssi_related_exclude_ids":"","_relevanssi_related_no_append":"","_relevanssi_related_not_related":"","_relevanssi_related_posts":"","_relevanssi_noindex_reason":"","_eb_attr":"","footnotes":""},"class_list":["post-2904","page","type-page","status-publish","hentry"],"acf":[],"yoast_head":"<!-- This site is optimized with the Yoast SEO plugin v27.4 - https:\/\/yoast.com\/product\/yoast-seo-wordpress\/ -->\n<title>Kriterium 4: Delaktighet inneb\u00e4r att man delar makt och ansvar - Ungas delaktighet<\/title>\n<meta name=\"robots\" content=\"index, follow, max-snippet:-1, max-image-preview:large, max-video-preview:-1\" \/>\n<link rel=\"canonical\" href=\"https:\/\/nuoretjaosallisuus.fi\/sv\/kriterium-4\/\" \/>\n<meta property=\"og:locale\" content=\"sv_SE\" \/>\n<meta property=\"og:type\" content=\"article\" \/>\n<meta property=\"og:title\" content=\"Kriterium 4: Delaktighet inneb\u00e4r att man delar makt och ansvar - Ungas delaktighet\" \/>\n<meta property=\"og:description\" content=\"Ungdomar \u00e4r en resurs som det l\u00f6nar sig att ta vara p\u00e5. L\u00e5t dem delta i gemensam planering, genomf\u00f6rande och utv\u00e4rdering av \u00e4renden s\u00e5 att ungdomarna f\u00e5r sin r\u00f6st h\u00f6rd vid r\u00e4tt tidpunkt f\u00f6re besluten fattas. Undvik skenbar delaktighet d\u00e4r ungdomar inte kan p\u00e5verka p\u00e5 riktigt. N\u00e4r en ung person k\u00e4nner att hens \u00e5sikter och &hellip; Lue lis\u00e4\u00e4 &quot;Kriterium 4: Delaktighet inneb\u00e4r att man delar makt och ansvar&quot;\" \/>\n<meta property=\"og:url\" content=\"https:\/\/nuoretjaosallisuus.fi\/sv\/kriterium-4\/\" \/>\n<meta property=\"og:site_name\" content=\"Ungas delaktighet\" \/>\n<meta property=\"article:modified_time\" content=\"2022-06-22T10:44:49+00:00\" \/>\n<meta name=\"twitter:card\" content=\"summary_large_image\" \/>\n<meta name=\"twitter:label1\" content=\"Ber\u00e4knad l\u00e4stid\" \/>\n\t<meta name=\"twitter:data1\" content=\"2 minuter\" \/>\n<script type=\"application\/ld+json\" class=\"yoast-schema-graph\">{\"@context\":\"https:\\\/\\\/schema.org\",\"@graph\":[{\"@type\":\"WebPage\",\"@id\":\"https:\\\/\\\/nuoretjaosallisuus.fi\\\/sv\\\/kriterium-4\\\/\",\"url\":\"https:\\\/\\\/nuoretjaosallisuus.fi\\\/sv\\\/kriterium-4\\\/\",\"name\":\"Kriterium 4: Delaktighet inneb\u00e4r att man delar makt och ansvar - Ungas delaktighet\",\"isPartOf\":{\"@id\":\"https:\\\/\\\/nuoretjaosallisuus.fi\\\/#website\"},\"datePublished\":\"2021-01-15T07:27:27+00:00\",\"dateModified\":\"2022-06-22T10:44:49+00:00\",\"inLanguage\":\"sv-SE\",\"potentialAction\":[{\"@type\":\"ReadAction\",\"target\":[\"https:\\\/\\\/nuoretjaosallisuus.fi\\\/sv\\\/kriterium-4\\\/\"]}]},{\"@type\":\"WebSite\",\"@id\":\"https:\\\/\\\/nuoretjaosallisuus.fi\\\/#website\",\"url\":\"https:\\\/\\\/nuoretjaosallisuus.fi\\\/\",\"name\":\"Ungas delaktighet\",\"description\":\"Onnistunutta osallisuutta nuorille\",\"potentialAction\":[{\"@type\":\"SearchAction\",\"target\":{\"@type\":\"EntryPoint\",\"urlTemplate\":\"https:\\\/\\\/nuoretjaosallisuus.fi\\\/?s={search_term_string}\"},\"query-input\":{\"@type\":\"PropertyValueSpecification\",\"valueRequired\":true,\"valueName\":\"search_term_string\"}}],\"inLanguage\":\"sv-SE\"}]}<\/script>\n<!-- \/ Yoast SEO plugin. -->","yoast_head_json":{"title":"Kriterium 4: Delaktighet inneb\u00e4r att man delar makt och ansvar - Ungas delaktighet","robots":{"index":"index","follow":"follow","max-snippet":"max-snippet:-1","max-image-preview":"max-image-preview:large","max-video-preview":"max-video-preview:-1"},"canonical":"https:\/\/nuoretjaosallisuus.fi\/sv\/kriterium-4\/","og_locale":"sv_SE","og_type":"article","og_title":"Kriterium 4: Delaktighet inneb\u00e4r att man delar makt och ansvar - Ungas delaktighet","og_description":"Ungdomar \u00e4r en resurs som det l\u00f6nar sig att ta vara p\u00e5. L\u00e5t dem delta i gemensam planering, genomf\u00f6rande och utv\u00e4rdering av \u00e4renden s\u00e5 att ungdomarna f\u00e5r sin r\u00f6st h\u00f6rd vid r\u00e4tt tidpunkt f\u00f6re besluten fattas. Undvik skenbar delaktighet d\u00e4r ungdomar inte kan p\u00e5verka p\u00e5 riktigt. N\u00e4r en ung person k\u00e4nner att hens \u00e5sikter och &hellip; Lue lis\u00e4\u00e4 \"Kriterium 4: Delaktighet inneb\u00e4r att man delar makt och ansvar\"","og_url":"https:\/\/nuoretjaosallisuus.fi\/sv\/kriterium-4\/","og_site_name":"Ungas delaktighet","article_modified_time":"2022-06-22T10:44:49+00:00","twitter_card":"summary_large_image","twitter_misc":{"Ber\u00e4knad l\u00e4stid":"2 minuter"},"schema":{"@context":"https:\/\/schema.org","@graph":[{"@type":"WebPage","@id":"https:\/\/nuoretjaosallisuus.fi\/sv\/kriterium-4\/","url":"https:\/\/nuoretjaosallisuus.fi\/sv\/kriterium-4\/","name":"Kriterium 4: Delaktighet inneb\u00e4r att man delar makt och ansvar - Ungas delaktighet","isPartOf":{"@id":"https:\/\/nuoretjaosallisuus.fi\/#website"},"datePublished":"2021-01-15T07:27:27+00:00","dateModified":"2022-06-22T10:44:49+00:00","inLanguage":"sv-SE","potentialAction":[{"@type":"ReadAction","target":["https:\/\/nuoretjaosallisuus.fi\/sv\/kriterium-4\/"]}]},{"@type":"WebSite","@id":"https:\/\/nuoretjaosallisuus.fi\/#website","url":"https:\/\/nuoretjaosallisuus.fi\/","name":"Ungas delaktighet","description":"Onnistunutta osallisuutta nuorille","potentialAction":[{"@type":"SearchAction","target":{"@type":"EntryPoint","urlTemplate":"https:\/\/nuoretjaosallisuus.fi\/?s={search_term_string}"},"query-input":{"@type":"PropertyValueSpecification","valueRequired":true,"valueName":"search_term_string"}}],"inLanguage":"sv-SE"}]}},"_links":{"self":[{"href":"https:\/\/nuoretjaosallisuus.fi\/sv\/wp-json\/wp\/v2\/pages\/2904","targetHints":{"allow":["GET"]}}],"collection":[{"href":"https:\/\/nuoretjaosallisuus.fi\/sv\/wp-json\/wp\/v2\/pages"}],"about":[{"href":"https:\/\/nuoretjaosallisuus.fi\/sv\/wp-json\/wp\/v2\/types\/page"}],"author":[{"embeddable":true,"href":"https:\/\/nuoretjaosallisuus.fi\/sv\/wp-json\/wp\/v2\/users\/38"}],"replies":[{"embeddable":true,"href":"https:\/\/nuoretjaosallisuus.fi\/sv\/wp-json\/wp\/v2\/comments?post=2904"}],"version-history":[{"count":14,"href":"https:\/\/nuoretjaosallisuus.fi\/sv\/wp-json\/wp\/v2\/pages\/2904\/revisions"}],"predecessor-version":[{"id":7572,"href":"https:\/\/nuoretjaosallisuus.fi\/sv\/wp-json\/wp\/v2\/pages\/2904\/revisions\/7572"}],"wp:attachment":[{"href":"https:\/\/nuoretjaosallisuus.fi\/sv\/wp-json\/wp\/v2\/media?parent=2904"}],"curies":[{"name":"wp","href":"https:\/\/api.w.org\/{rel}","templated":true}]}}