{"id":2913,"date":"2021-01-15T09:26:57","date_gmt":"2021-01-15T07:26:57","guid":{"rendered":"https:\/\/nuoretjaosallisuus.fi\/?page_id=2913"},"modified":"2022-06-22T13:47:36","modified_gmt":"2022-06-22T10:47:36","slug":"kriterium-5-ungas-deltagande-sker-pa-jamstallda-och-likvardiga-grunder","status":"publish","type":"page","link":"https:\/\/nuoretjaosallisuus.fi\/sv\/kriterium-5-ungas-deltagande-sker-pa-jamstallda-och-likvardiga-grunder\/","title":{"rendered":"Kriterium 5: Ungas deltagande sker p\u00e5 j\u00e4mst\u00e4llda och likv\u00e4rdiga grunder"},"content":{"rendered":"\n<p>Alla ungdomar ska ha m\u00f6jlighet att delta oberoende av bakgrund eller \u00e5sikter. De ungas individuella, spr\u00e5kliga och kulturella behov, liksom tillg\u00e5ng och tillg\u00e4nglighet m\u00e5ste beaktas. S\u00e4rskilt ungdomar med funktionshinder, en m\u00e5ngkulturell bakgrund samt sexuella minoriteter och k\u00f6nsminoriteter upplever diskriminering. Det \u00e4r viktigt att st\u00f6da lika m\u00f6jligheter till deltagande b\u00e5de bland ungdomar, s\u00e5 att alla f\u00e5r sin r\u00f6st h\u00f6rd, och i f\u00f6rh\u00e5llande till \u00f6vriga kommuninv\u00e5nare, som kan ha b\u00e4ttre f\u00f6ruts\u00e4ttningar och m\u00f6jligheter att framf\u00f6ra sina \u00e5sikter och p\u00e5verka.<\/p>\n\n\n\n<p><strong>Att \u00f6verv\u00e4ga:<\/strong><\/p>\n\n\n\n<ul class=\"wp-block-list\"><li><em>Jag uppmuntrar s\u00e5 m\u00e5nga ungdomar som m\u00f6jligt att delta.<\/em><\/li><li><em>Jag f\u00f6rs\u00f6ker finna s\u00e4tt att uppmuntra och motivera \u00e4ven ungdomar som inte \u00e4r s\u00e5 aktiva att komma med.<\/em><\/li><li><em>Jag str\u00e4var efter att f\u00f6r egen del identifiera och avl\u00e4gsna s\u00e5dan praxis och strukturer som orsakar och uppeh\u00e5ller oj\u00e4mlikhet och diskriminering.<\/em><\/li><li><em>Jag v\u00e4ljer tillg\u00e4ngliga lokaler f\u00f6r m\u00f6ten och aktiviteter.<\/em><\/li><li><em>I mitt arbete har jag resurser f\u00f6r att beakta j\u00e4mst\u00e4lldhet och likabehandling s\u00e5 att deltagarna kan f\u00e5 det st\u00f6d de beh\u00f6ver.<\/em><\/li><li><em>I v\u00e5r kommun finns en j\u00e4mst\u00e4lldhets- och likabehandlingsplan och ungdomar har deltagit i formuleringen av den.<\/em><\/li><\/ul>\n","protected":false},"excerpt":{"rendered":"<p>Alla ungdomar ska ha m\u00f6jlighet att delta oberoende av bakgrund eller \u00e5sikter. De ungas individuella, spr\u00e5kliga och kulturella behov, liksom tillg\u00e5ng och tillg\u00e4nglighet m\u00e5ste beaktas. S\u00e4rskilt ungdomar med funktionshinder, en m\u00e5ngkulturell bakgrund samt sexuella minoriteter och k\u00f6nsminoriteter upplever diskriminering. Det \u00e4r viktigt att st\u00f6da lika m\u00f6jligheter till deltagande b\u00e5de bland ungdomar, s\u00e5 att alla f\u00e5r &hellip; <a href=\"https:\/\/nuoretjaosallisuus.fi\/sv\/kriterium-5-ungas-deltagande-sker-pa-jamstallda-och-likvardiga-grunder\/\" class=\"more-link\">Lue lis\u00e4\u00e4<span class=\"screen-reader-text\"> &#8221;Kriterium 5: Ungas deltagande sker p\u00e5 j\u00e4mst\u00e4llda och likv\u00e4rdiga grunder&#8221;<\/span><\/a><\/p>\n","protected":false},"author":38,"featured_media":0,"parent":0,"menu_order":0,"comment_status":"closed","ping_status":"closed","template":"","meta":{"_acf_changed":false,"_relevanssi_hide_post":"","_relevanssi_hide_content":"","_relevanssi_pin_for_all":"","_relevanssi_pin_keywords":"","_relevanssi_unpin_keywords":"","_relevanssi_related_keywords":"","_relevanssi_related_include_ids":"","_relevanssi_related_exclude_ids":"","_relevanssi_related_no_append":"","_relevanssi_related_not_related":"","_relevanssi_related_posts":"","_relevanssi_noindex_reason":"","_eb_attr":"","footnotes":""},"class_list":["post-2913","page","type-page","status-publish","hentry"],"acf":[],"yoast_head":"<!-- This site is optimized with the Yoast SEO plugin v27.4 - https:\/\/yoast.com\/product\/yoast-seo-wordpress\/ -->\n<title>Kriterium 5: Ungas deltagande sker p\u00e5 j\u00e4mst\u00e4llda och likv\u00e4rdiga grunder - Ungas delaktighet<\/title>\n<meta name=\"description\" content=\"Alla ungdomar ska ha m\u00f6jlighet att delta oberoende av bakgrund eller \u00e5sikter. De ungas individuella spr\u00e5kliga och kulturella behov liksom tillg\u00e5ng och tillg\u00e4nglighet m\u00e5ste beaktas.\" \/>\n<meta name=\"robots\" content=\"index, follow, max-snippet:-1, max-image-preview:large, max-video-preview:-1\" \/>\n<link rel=\"canonical\" href=\"https:\/\/nuoretjaosallisuus.fi\/sv\/kriterium-5-ungas-deltagande-sker-pa-jamstallda-och-likvardiga-grunder\/\" \/>\n<meta property=\"og:locale\" content=\"sv_SE\" \/>\n<meta property=\"og:type\" content=\"article\" \/>\n<meta property=\"og:title\" content=\"Kriterium 5: Ungas deltagande sker p\u00e5 j\u00e4mst\u00e4llda och likv\u00e4rdiga grunder - Ungas delaktighet\" \/>\n<meta property=\"og:description\" content=\"Alla ungdomar ska ha m\u00f6jlighet att delta oberoende av bakgrund eller \u00e5sikter. De ungas individuella spr\u00e5kliga och kulturella behov liksom tillg\u00e5ng och tillg\u00e4nglighet m\u00e5ste beaktas.\" \/>\n<meta property=\"og:url\" content=\"https:\/\/nuoretjaosallisuus.fi\/sv\/kriterium-5-ungas-deltagande-sker-pa-jamstallda-och-likvardiga-grunder\/\" \/>\n<meta property=\"og:site_name\" content=\"Ungas delaktighet\" \/>\n<meta property=\"article:modified_time\" content=\"2022-06-22T10:47:36+00:00\" \/>\n<meta name=\"twitter:card\" content=\"summary_large_image\" \/>\n<meta name=\"twitter:label1\" content=\"Ber\u00e4knad l\u00e4stid\" \/>\n\t<meta name=\"twitter:data1\" content=\"2 minuter\" \/>\n<script type=\"application\/ld+json\" class=\"yoast-schema-graph\">{\"@context\":\"https:\\\/\\\/schema.org\",\"@graph\":[{\"@type\":\"WebPage\",\"@id\":\"https:\\\/\\\/nuoretjaosallisuus.fi\\\/sv\\\/kriterium-5-ungas-deltagande-sker-pa-jamstallda-och-likvardiga-grunder\\\/\",\"url\":\"https:\\\/\\\/nuoretjaosallisuus.fi\\\/sv\\\/kriterium-5-ungas-deltagande-sker-pa-jamstallda-och-likvardiga-grunder\\\/\",\"name\":\"Kriterium 5: Ungas deltagande sker p\u00e5 j\u00e4mst\u00e4llda och likv\u00e4rdiga grunder - Ungas delaktighet\",\"isPartOf\":{\"@id\":\"https:\\\/\\\/nuoretjaosallisuus.fi\\\/#website\"},\"datePublished\":\"2021-01-15T07:26:57+00:00\",\"dateModified\":\"2022-06-22T10:47:36+00:00\",\"description\":\"Alla ungdomar ska ha m\u00f6jlighet att delta oberoende av bakgrund eller \u00e5sikter. De ungas individuella spr\u00e5kliga och kulturella behov liksom tillg\u00e5ng och tillg\u00e4nglighet m\u00e5ste beaktas.\",\"inLanguage\":\"sv-SE\",\"potentialAction\":[{\"@type\":\"ReadAction\",\"target\":[\"https:\\\/\\\/nuoretjaosallisuus.fi\\\/sv\\\/kriterium-5-ungas-deltagande-sker-pa-jamstallda-och-likvardiga-grunder\\\/\"]}]},{\"@type\":\"WebSite\",\"@id\":\"https:\\\/\\\/nuoretjaosallisuus.fi\\\/#website\",\"url\":\"https:\\\/\\\/nuoretjaosallisuus.fi\\\/\",\"name\":\"Ungas delaktighet\",\"description\":\"Onnistunutta osallisuutta nuorille\",\"potentialAction\":[{\"@type\":\"SearchAction\",\"target\":{\"@type\":\"EntryPoint\",\"urlTemplate\":\"https:\\\/\\\/nuoretjaosallisuus.fi\\\/?s={search_term_string}\"},\"query-input\":{\"@type\":\"PropertyValueSpecification\",\"valueRequired\":true,\"valueName\":\"search_term_string\"}}],\"inLanguage\":\"sv-SE\"}]}<\/script>\n<!-- \/ Yoast SEO plugin. -->","yoast_head_json":{"title":"Kriterium 5: Ungas deltagande sker p\u00e5 j\u00e4mst\u00e4llda och likv\u00e4rdiga grunder - Ungas delaktighet","description":"Alla ungdomar ska ha m\u00f6jlighet att delta oberoende av bakgrund eller \u00e5sikter. De ungas individuella spr\u00e5kliga och kulturella behov liksom tillg\u00e5ng och tillg\u00e4nglighet m\u00e5ste beaktas.","robots":{"index":"index","follow":"follow","max-snippet":"max-snippet:-1","max-image-preview":"max-image-preview:large","max-video-preview":"max-video-preview:-1"},"canonical":"https:\/\/nuoretjaosallisuus.fi\/sv\/kriterium-5-ungas-deltagande-sker-pa-jamstallda-och-likvardiga-grunder\/","og_locale":"sv_SE","og_type":"article","og_title":"Kriterium 5: Ungas deltagande sker p\u00e5 j\u00e4mst\u00e4llda och likv\u00e4rdiga grunder - Ungas delaktighet","og_description":"Alla ungdomar ska ha m\u00f6jlighet att delta oberoende av bakgrund eller \u00e5sikter. De ungas individuella spr\u00e5kliga och kulturella behov liksom tillg\u00e5ng och tillg\u00e4nglighet m\u00e5ste beaktas.","og_url":"https:\/\/nuoretjaosallisuus.fi\/sv\/kriterium-5-ungas-deltagande-sker-pa-jamstallda-och-likvardiga-grunder\/","og_site_name":"Ungas delaktighet","article_modified_time":"2022-06-22T10:47:36+00:00","twitter_card":"summary_large_image","twitter_misc":{"Ber\u00e4knad l\u00e4stid":"2 minuter"},"schema":{"@context":"https:\/\/schema.org","@graph":[{"@type":"WebPage","@id":"https:\/\/nuoretjaosallisuus.fi\/sv\/kriterium-5-ungas-deltagande-sker-pa-jamstallda-och-likvardiga-grunder\/","url":"https:\/\/nuoretjaosallisuus.fi\/sv\/kriterium-5-ungas-deltagande-sker-pa-jamstallda-och-likvardiga-grunder\/","name":"Kriterium 5: Ungas deltagande sker p\u00e5 j\u00e4mst\u00e4llda och likv\u00e4rdiga grunder - Ungas delaktighet","isPartOf":{"@id":"https:\/\/nuoretjaosallisuus.fi\/#website"},"datePublished":"2021-01-15T07:26:57+00:00","dateModified":"2022-06-22T10:47:36+00:00","description":"Alla ungdomar ska ha m\u00f6jlighet att delta oberoende av bakgrund eller \u00e5sikter. De ungas individuella spr\u00e5kliga och kulturella behov liksom tillg\u00e5ng och tillg\u00e4nglighet m\u00e5ste beaktas.","inLanguage":"sv-SE","potentialAction":[{"@type":"ReadAction","target":["https:\/\/nuoretjaosallisuus.fi\/sv\/kriterium-5-ungas-deltagande-sker-pa-jamstallda-och-likvardiga-grunder\/"]}]},{"@type":"WebSite","@id":"https:\/\/nuoretjaosallisuus.fi\/#website","url":"https:\/\/nuoretjaosallisuus.fi\/","name":"Ungas delaktighet","description":"Onnistunutta osallisuutta nuorille","potentialAction":[{"@type":"SearchAction","target":{"@type":"EntryPoint","urlTemplate":"https:\/\/nuoretjaosallisuus.fi\/?s={search_term_string}"},"query-input":{"@type":"PropertyValueSpecification","valueRequired":true,"valueName":"search_term_string"}}],"inLanguage":"sv-SE"}]}},"_links":{"self":[{"href":"https:\/\/nuoretjaosallisuus.fi\/sv\/wp-json\/wp\/v2\/pages\/2913","targetHints":{"allow":["GET"]}}],"collection":[{"href":"https:\/\/nuoretjaosallisuus.fi\/sv\/wp-json\/wp\/v2\/pages"}],"about":[{"href":"https:\/\/nuoretjaosallisuus.fi\/sv\/wp-json\/wp\/v2\/types\/page"}],"author":[{"embeddable":true,"href":"https:\/\/nuoretjaosallisuus.fi\/sv\/wp-json\/wp\/v2\/users\/38"}],"replies":[{"embeddable":true,"href":"https:\/\/nuoretjaosallisuus.fi\/sv\/wp-json\/wp\/v2\/comments?post=2913"}],"version-history":[{"count":7,"href":"https:\/\/nuoretjaosallisuus.fi\/sv\/wp-json\/wp\/v2\/pages\/2913\/revisions"}],"predecessor-version":[{"id":7573,"href":"https:\/\/nuoretjaosallisuus.fi\/sv\/wp-json\/wp\/v2\/pages\/2913\/revisions\/7573"}],"wp:attachment":[{"href":"https:\/\/nuoretjaosallisuus.fi\/sv\/wp-json\/wp\/v2\/media?parent=2913"}],"curies":[{"name":"wp","href":"https:\/\/api.w.org\/{rel}","templated":true}]}}