{"id":4049,"date":"2021-03-17T13:07:36","date_gmt":"2021-03-17T11:07:36","guid":{"rendered":"https:\/\/nuoretjaosallisuus.fi\/?page_id=4049"},"modified":"2024-03-27T14:30:38","modified_gmt":"2024-03-27T12:30:38","slug":"kompetenscenter-for-ungas-delaktighet-osallisuuden-osaamiskeskus","status":"publish","type":"page","link":"https:\/\/nuoretjaosallisuus.fi\/sv\/kompetenscenter-for-ungas-delaktighet-osallisuuden-osaamiskeskus\/","title":{"rendered":"Kompetenscenter f\u00f6r ungas delaktighet: Osallisuuden osaamiskeskus"},"content":{"rendered":"\n<p>Tillsammans med Nuorten Akatemia, Finlands Ungdomsfullm\u00e4ktiges F\u00f6rbund rf, Koordinaatti och de Ungas skyddshus vid R\u00f6da Korset bildade L\u00e4rorik det kompetenscentrum f\u00f6r ungdomssektorn som undervisnings- och kulturministeriet inr\u00e4ttade f\u00f6r \u00e5ren 2020\u20132023.&nbsp;<\/p>\n\n\n\n<p>&nbsp;<br>Uppgiften f\u00f6r kompetenscentret f\u00f6r ungas delaktighet har varit att hj\u00e4lpa tj\u00e4nsteinnehavare, beslutsfattare, ledare och vuxna som arbetar med unga att st\u00e4rka ungas delaktighet i sitt eget arbete och att engagera unga i samh\u00e4llsutvecklingen och beslutsfattandet.&nbsp;<\/p>\n\n\n\n<p><strong>Kompetenscentret f\u00f6r ungas delaktighet\u00a0<\/strong><\/p>\n\n\n\n<ul class=\"wp-block-list\">\n<li>fr\u00e4mjade ungas delaktighet i samh\u00e4llet.&nbsp;<\/li>\n\n\n\n<li>\u00f6kade medvetenheten om digitala verktyg som ett s\u00e4tt f\u00f6r unga att p\u00e5verka och som ett s\u00e4tt att st\u00e4rka ungas engagemang och inflytande i digitala milj\u00f6er.&nbsp;<\/li>\n\n\n\n<li>utvecklade beredskapen hos tj\u00e4nsteinnehavare n\u00e4r det g\u00e4ller ungas delaktighet genom tj\u00e4nsten Ungas delaktighet (<a href=\"https:\/\/nuoretjaosallisuus.fi\/sv\/\" target=\"_blank\" rel=\"noreferrer noopener\">https:\/\/nuoretjaosallisuus.fi\/sv\/<\/a>).&nbsp;<\/li>\n<\/ul>\n\n\n\n<p><strong>Under \u00e5ren 2020\u20132023\u00a0<\/strong><\/p>\n\n\n\n<ul class=\"wp-block-list\">\n<li>Har man n\u00e5tt ca 6 000 vuxna med verksamheten. 94 % av deltagarna i verksamheten har f\u00f6rb\u00e4ttrat sitt kunnande, 96 % har funnit inneh\u00e5llet anv\u00e4ndbart och 91 % av deltagarna har f\u00f6r avsikt att anv\u00e4nda metoderna i sitt arbete.&nbsp;<\/li>\n\n\n\n<li>Har man n\u00e5tt ca 3 500 unga med verksamheten. 75 % av de unga deltagarna s\u00e4ger att de skulle delta i evenemangen igen, 77 % tyckte att evenemangen var till nytta och 84 % k\u00e4nde sig h\u00f6rda och trygga.&nbsp;<\/li>\n\n\n\n<li>Delaktigheten vad g\u00e4ller utsatta ungdomar och unga som tillh\u00f6r minoritetsgrupper har st\u00e4rkts genom samarbete med organisationer och akt\u00f6rer.&nbsp;<\/li>\n<\/ul>\n\n\n\n<p>Kompetenscentret har varit involverat i utvecklingen och piloteringen av <a href=\"https:\/\/eur03.safelinks.protection.outlook.com\/?url=https%3A%2F%2Fdigiraati.fi%2F&amp;data=05|02||4e8648b722db4df942d008dc44074971|5c87a2ca890b4293958ae93b18eb1481|0|0|638460048530344619|Unknown|TWFpbGZsb3d8eyJWIjoiMC4wLjAwMDAiLCJQIjoiV2luMzIiLCJBTiI6Ik1haWwiLCJXVCI6Mn0%3D|0|||&amp;sdata=f7hDwhC8gwx8wC0%2FW%2Bx2Ie210WJcyw5p5OCYxszxEwk%3D&amp;reserved=0\" target=\"_blank\" rel=\"noreferrer noopener\">E-panelen<\/a> sedan \u00e5r 2021. I samarbete med myndigheterna har man ordnat paneler och presentationsevenemang om E-panelen samt gett st\u00f6d till olika organisationer f\u00f6r ibruktagandet av E-panelen.&nbsp;<\/p>\n","protected":false},"excerpt":{"rendered":"<p>Tillsammans med Nuorten Akatemia, Finlands Ungdomsfullm\u00e4ktiges F\u00f6rbund rf, Koordinaatti och de Ungas skyddshus vid R\u00f6da Korset bildade L\u00e4rorik det kompetenscentrum f\u00f6r ungdomssektorn som undervisnings- och kulturministeriet inr\u00e4ttade f\u00f6r \u00e5ren 2020\u20132023.&nbsp; &nbsp;Uppgiften f\u00f6r kompetenscentret f\u00f6r ungas delaktighet har varit att hj\u00e4lpa tj\u00e4nsteinnehavare, beslutsfattare, ledare och vuxna som arbetar med unga att st\u00e4rka ungas delaktighet i sitt &hellip; <a href=\"https:\/\/nuoretjaosallisuus.fi\/sv\/kompetenscenter-for-ungas-delaktighet-osallisuuden-osaamiskeskus\/\" class=\"more-link\">Lue lis\u00e4\u00e4<span class=\"screen-reader-text\"> &#8221;Kompetenscenter f\u00f6r ungas delaktighet: Osallisuuden osaamiskeskus&#8221;<\/span><\/a><\/p>\n","protected":false},"author":38,"featured_media":0,"parent":0,"menu_order":0,"comment_status":"closed","ping_status":"closed","template":"","meta":{"_acf_changed":false,"_relevanssi_hide_post":"","_relevanssi_hide_content":"","_relevanssi_pin_for_all":"","_relevanssi_pin_keywords":"","_relevanssi_unpin_keywords":"","_relevanssi_related_keywords":"","_relevanssi_related_include_ids":"","_relevanssi_related_exclude_ids":"","_relevanssi_related_no_append":"","_relevanssi_related_not_related":"","_relevanssi_related_posts":"8346,9397,9296,6872,7838,7765","_relevanssi_noindex_reason":"","_eb_attr":"","footnotes":""},"class_list":["post-4049","page","type-page","status-publish","hentry"],"acf":[],"yoast_head":"<!-- This site is optimized with the Yoast SEO plugin v27.4 - https:\/\/yoast.com\/product\/yoast-seo-wordpress\/ -->\n<title>Kompetenscenter f\u00f6r ungas delaktighet: Osallisuuden osaamiskeskus - Ungas delaktighet<\/title>\n<meta name=\"description\" content=\"Undervisnings- och kulturministeriet har f\u00f6r perioden 2020\u20132023 inr\u00e4ttat ett kompetenscenter f\u00f6r ungdomssektorn. Utvecklingscentralen L\u00e4rorik, Nuorten Akatemia och Finlands Ungdomsfullm\u00e4ktiges F\u00f6rbund bildar tillsammans kompetenscentret Osallisuuden osaamiskeskus.\" \/>\n<meta name=\"robots\" content=\"index, follow, max-snippet:-1, max-image-preview:large, max-video-preview:-1\" \/>\n<link rel=\"canonical\" href=\"https:\/\/nuoretjaosallisuus.fi\/sv\/kompetenscenter-for-ungas-delaktighet-osallisuuden-osaamiskeskus\/\" \/>\n<meta property=\"og:locale\" content=\"sv_SE\" \/>\n<meta property=\"og:type\" content=\"article\" \/>\n<meta property=\"og:title\" content=\"Kompetenscenter f\u00f6r ungas delaktighet: Osallisuuden osaamiskeskus - Ungas delaktighet\" \/>\n<meta property=\"og:description\" content=\"Undervisnings- och kulturministeriet har f\u00f6r perioden 2020\u20132023 inr\u00e4ttat ett kompetenscenter f\u00f6r ungdomssektorn. Utvecklingscentralen L\u00e4rorik, Nuorten Akatemia och Finlands Ungdomsfullm\u00e4ktiges F\u00f6rbund bildar tillsammans kompetenscentret Osallisuuden osaamiskeskus.\" \/>\n<meta property=\"og:url\" content=\"https:\/\/nuoretjaosallisuus.fi\/sv\/kompetenscenter-for-ungas-delaktighet-osallisuuden-osaamiskeskus\/\" \/>\n<meta property=\"og:site_name\" content=\"Ungas delaktighet\" \/>\n<meta property=\"article:modified_time\" content=\"2024-03-27T12:30:38+00:00\" \/>\n<meta name=\"twitter:card\" content=\"summary_large_image\" \/>\n<meta name=\"twitter:label1\" content=\"Ber\u00e4knad l\u00e4stid\" \/>\n\t<meta name=\"twitter:data1\" content=\"2 minuter\" \/>\n<script type=\"application\/ld+json\" class=\"yoast-schema-graph\">{\"@context\":\"https:\\\/\\\/schema.org\",\"@graph\":[{\"@type\":\"WebPage\",\"@id\":\"https:\\\/\\\/nuoretjaosallisuus.fi\\\/sv\\\/kompetenscenter-for-ungas-delaktighet-osallisuuden-osaamiskeskus\\\/\",\"url\":\"https:\\\/\\\/nuoretjaosallisuus.fi\\\/sv\\\/kompetenscenter-for-ungas-delaktighet-osallisuuden-osaamiskeskus\\\/\",\"name\":\"Kompetenscenter f\u00f6r ungas delaktighet: Osallisuuden osaamiskeskus - Ungas delaktighet\",\"isPartOf\":{\"@id\":\"https:\\\/\\\/nuoretjaosallisuus.fi\\\/#website\"},\"datePublished\":\"2021-03-17T11:07:36+00:00\",\"dateModified\":\"2024-03-27T12:30:38+00:00\",\"description\":\"Undervisnings- och kulturministeriet har f\u00f6r perioden 2020\u20132023 inr\u00e4ttat ett kompetenscenter f\u00f6r ungdomssektorn. Utvecklingscentralen L\u00e4rorik, Nuorten Akatemia och Finlands Ungdomsfullm\u00e4ktiges F\u00f6rbund bildar tillsammans kompetenscentret Osallisuuden osaamiskeskus.\",\"inLanguage\":\"sv-SE\",\"potentialAction\":[{\"@type\":\"ReadAction\",\"target\":[\"https:\\\/\\\/nuoretjaosallisuus.fi\\\/sv\\\/kompetenscenter-for-ungas-delaktighet-osallisuuden-osaamiskeskus\\\/\"]}]},{\"@type\":\"WebSite\",\"@id\":\"https:\\\/\\\/nuoretjaosallisuus.fi\\\/#website\",\"url\":\"https:\\\/\\\/nuoretjaosallisuus.fi\\\/\",\"name\":\"Ungas delaktighet\",\"description\":\"Onnistunutta osallisuutta nuorille\",\"potentialAction\":[{\"@type\":\"SearchAction\",\"target\":{\"@type\":\"EntryPoint\",\"urlTemplate\":\"https:\\\/\\\/nuoretjaosallisuus.fi\\\/?s={search_term_string}\"},\"query-input\":{\"@type\":\"PropertyValueSpecification\",\"valueRequired\":true,\"valueName\":\"search_term_string\"}}],\"inLanguage\":\"sv-SE\"}]}<\/script>\n<!-- \/ Yoast SEO plugin. -->","yoast_head_json":{"title":"Kompetenscenter f\u00f6r ungas delaktighet: Osallisuuden osaamiskeskus - Ungas delaktighet","description":"Undervisnings- och kulturministeriet har f\u00f6r perioden 2020\u20132023 inr\u00e4ttat ett kompetenscenter f\u00f6r ungdomssektorn. Utvecklingscentralen L\u00e4rorik, Nuorten Akatemia och Finlands Ungdomsfullm\u00e4ktiges F\u00f6rbund bildar tillsammans kompetenscentret Osallisuuden osaamiskeskus.","robots":{"index":"index","follow":"follow","max-snippet":"max-snippet:-1","max-image-preview":"max-image-preview:large","max-video-preview":"max-video-preview:-1"},"canonical":"https:\/\/nuoretjaosallisuus.fi\/sv\/kompetenscenter-for-ungas-delaktighet-osallisuuden-osaamiskeskus\/","og_locale":"sv_SE","og_type":"article","og_title":"Kompetenscenter f\u00f6r ungas delaktighet: Osallisuuden osaamiskeskus - Ungas delaktighet","og_description":"Undervisnings- och kulturministeriet har f\u00f6r perioden 2020\u20132023 inr\u00e4ttat ett kompetenscenter f\u00f6r ungdomssektorn. Utvecklingscentralen L\u00e4rorik, Nuorten Akatemia och Finlands Ungdomsfullm\u00e4ktiges F\u00f6rbund bildar tillsammans kompetenscentret Osallisuuden osaamiskeskus.","og_url":"https:\/\/nuoretjaosallisuus.fi\/sv\/kompetenscenter-for-ungas-delaktighet-osallisuuden-osaamiskeskus\/","og_site_name":"Ungas delaktighet","article_modified_time":"2024-03-27T12:30:38+00:00","twitter_card":"summary_large_image","twitter_misc":{"Ber\u00e4knad l\u00e4stid":"2 minuter"},"schema":{"@context":"https:\/\/schema.org","@graph":[{"@type":"WebPage","@id":"https:\/\/nuoretjaosallisuus.fi\/sv\/kompetenscenter-for-ungas-delaktighet-osallisuuden-osaamiskeskus\/","url":"https:\/\/nuoretjaosallisuus.fi\/sv\/kompetenscenter-for-ungas-delaktighet-osallisuuden-osaamiskeskus\/","name":"Kompetenscenter f\u00f6r ungas delaktighet: Osallisuuden osaamiskeskus - Ungas delaktighet","isPartOf":{"@id":"https:\/\/nuoretjaosallisuus.fi\/#website"},"datePublished":"2021-03-17T11:07:36+00:00","dateModified":"2024-03-27T12:30:38+00:00","description":"Undervisnings- och kulturministeriet har f\u00f6r perioden 2020\u20132023 inr\u00e4ttat ett kompetenscenter f\u00f6r ungdomssektorn. Utvecklingscentralen L\u00e4rorik, Nuorten Akatemia och Finlands Ungdomsfullm\u00e4ktiges F\u00f6rbund bildar tillsammans kompetenscentret Osallisuuden osaamiskeskus.","inLanguage":"sv-SE","potentialAction":[{"@type":"ReadAction","target":["https:\/\/nuoretjaosallisuus.fi\/sv\/kompetenscenter-for-ungas-delaktighet-osallisuuden-osaamiskeskus\/"]}]},{"@type":"WebSite","@id":"https:\/\/nuoretjaosallisuus.fi\/#website","url":"https:\/\/nuoretjaosallisuus.fi\/","name":"Ungas delaktighet","description":"Onnistunutta osallisuutta nuorille","potentialAction":[{"@type":"SearchAction","target":{"@type":"EntryPoint","urlTemplate":"https:\/\/nuoretjaosallisuus.fi\/?s={search_term_string}"},"query-input":{"@type":"PropertyValueSpecification","valueRequired":true,"valueName":"search_term_string"}}],"inLanguage":"sv-SE"}]}},"_links":{"self":[{"href":"https:\/\/nuoretjaosallisuus.fi\/sv\/wp-json\/wp\/v2\/pages\/4049","targetHints":{"allow":["GET"]}}],"collection":[{"href":"https:\/\/nuoretjaosallisuus.fi\/sv\/wp-json\/wp\/v2\/pages"}],"about":[{"href":"https:\/\/nuoretjaosallisuus.fi\/sv\/wp-json\/wp\/v2\/types\/page"}],"author":[{"embeddable":true,"href":"https:\/\/nuoretjaosallisuus.fi\/sv\/wp-json\/wp\/v2\/users\/38"}],"replies":[{"embeddable":true,"href":"https:\/\/nuoretjaosallisuus.fi\/sv\/wp-json\/wp\/v2\/comments?post=4049"}],"version-history":[{"count":15,"href":"https:\/\/nuoretjaosallisuus.fi\/sv\/wp-json\/wp\/v2\/pages\/4049\/revisions"}],"predecessor-version":[{"id":10702,"href":"https:\/\/nuoretjaosallisuus.fi\/sv\/wp-json\/wp\/v2\/pages\/4049\/revisions\/10702"}],"wp:attachment":[{"href":"https:\/\/nuoretjaosallisuus.fi\/sv\/wp-json\/wp\/v2\/media?parent=4049"}],"curies":[{"name":"wp","href":"https:\/\/api.w.org\/{rel}","templated":true}]}}