{"id":4402,"date":"2021-04-08T11:27:38","date_gmt":"2021-04-08T08:27:38","guid":{"rendered":"https:\/\/nuoretjaosallisuus.fi\/information-om-delaktighet-2\/"},"modified":"2022-12-27T15:19:19","modified_gmt":"2022-12-27T13:19:19","slug":"information-om-delaktighet-2","status":"publish","type":"page","link":"https:\/\/nuoretjaosallisuus.fi\/sv\/information-om-delaktighet-2\/","title":{"rendered":"Information om delaktighet"},"content":{"rendered":"\n<p>Delaktighet \u00e4r ett brett begrepp och \u00e5sikterna om hur det definieras g\u00e5r is\u00e4r. Inom olika delaktighetsprojekt har man d\u00e4rf\u00f6r f\u00f6redragit att undvika alltf\u00f6r strikta definitioner och varit \u00f6ppen f\u00f6r olika kompletterande tolkningar.<\/p>\n\n\n\n<p>I Finland talar man om delaktighet och deltagande. Man f\u00f6redrar att skilja p\u00e5 begreppen delaktighet och deltagande, \u00e4ven om man p\u00e5 engelska kan anv\u00e4nda termen \u2019participation\u2019 f\u00f6r b\u00e5da begreppen.<\/p>\n\n\n\n<h2 class=\"wp-block-heading\">M\u00e5nga aspekter av delaktighet<\/h2>\n\n\n\n<p>Delaktighet omfattar samtidigt b\u00e5de sociala och politiska aspekter. Det inneb\u00e4r tillh\u00f6righet och gemenskap, samt att man kan p\u00e5verka gruppens eller samh\u00e4llets st\u00e4mning s\u00e5 att en st\u00f6rre grupp individer kan uppleva delaktighet. Samtidigt inneb\u00e4r delaktighet m\u00f6jligheten att delta i beslutsprocesser och p\u00e5verka de beslut som fattas i samh\u00e4llet. Delaktighet \u00e4r n\u00e5got som st\u00e4rks genom deltagande, det handlar allts\u00e5 inte om att delaktighet skulle vara n\u00e5gon s\u00e4rskild typ av deltagande. Med delaktighet avses inte enbart deltagandets form eller kvalitet, utan syftar p\u00e5 f\u00f6rh\u00e5llandet mellan individen och samh\u00e4llet ur ett bredare perspektiv.<\/p>\n\n\n\n<p>Man har ocks\u00e5 tagit fram motsatsbegrepp f\u00f6r delaktighet, s\u00e5som likgiltighet, marginalisering och alienation. Delaktighet kan beskrivas som<\/p>\n\n\n\n<ul class=\"wp-block-list\">\n<li>aktivitet och deltagande<\/li>\n\n\n\n<li>intresse f\u00f6r milj\u00f6n och omgivningen<\/li>\n\n\n\n<li>vilja att p\u00e5verka<\/li>\n\n\n\n<li>att ta del av samh\u00e4llets resurser och m\u00f6jligheter<\/li>\n\n\n\n<li>att hitta sin plats i f\u00f6rh\u00e5llande till samh\u00e4llets olika verksamhetssystem<\/li>\n\n\n\n<li>att leva i kontakt med sig sj\u00e4lv, sin milj\u00f6 och det omgivande samh\u00e4llet.<\/li>\n<\/ul>\n\n\n\n<h2 class=\"wp-block-heading\">Delaktighet varje dag<\/h2>\n\n\n\n<p>Delaktighet kan inte f\u00f6rverkligas enbart genom kortvariga \u201ddelaktighetsupplevelser\u201d. Utan ungdomar m\u00e5ste ha m\u00f6jlighet att delta i verksamhet och processer p\u00e5 alla niv\u00e5er och i alla aspekter. \u00c4nda fr\u00e5n id\u00e9kl\u00e4ckning till utv\u00e4rdering av id\u00e9ns genomf\u00f6rande. F\u00f6r att delaktigheten ska bli verklighet beh\u00f6vs olika grupper d\u00e4r unga har m\u00f6jlighet att vara aktiva deltagare och d\u00e4r de bli h\u00f6rda och sedda som individer. Delaktighet realiseras genom att man agerar tillsammans s\u00e5 att var och en har m\u00f6jlighet att handla och makt att p\u00e5verka gemensamma \u00e4renden inom gruppen eller samh\u00e4llet. Makt och aktivt akt\u00f6rskap inneb\u00e4r att individen som medlem av samh\u00e4llet f\u00e5r ta ansvar f\u00f6r den grupp man tillh\u00f6r och fr\u00e5gor som g\u00e4ller den. Delaktighet kan allts\u00e5 ses som ett etiskt ideal.<\/p>\n\n\n\n<p>Texten grundar sig p\u00e5 f\u00f6ljande k\u00e4llor<\/p>\n\n\n\n<p>Kiilakoski, T. ., Gretschel, A. ja  Nivala, E. (2012) Osallisuus, kansalaisuus, hyvinvointi. teoksessa, Anu Gretschel &amp; Tomi Kiilakoski (toim.) Demokratiaoppitunti. Lasten ja nuorten kunta 2010-luvun alussa. Helsinki: Nuorisotutkimusverkosto\/ Nuorisotutkimusseura, julkaisuja 118, 9\u201334.<\/p>\n\n\n\n<p>Nivala, E. ja Ryyn\u00e4nen, S. (2013) Kohti sosiaalipedagogista osallisuuden ideaalia. Sosiaalipedagoginen aikakauskirja (14), 9-41.<\/p>\n\n\n\n<p>Thomas, N. (2007) Towards a Theory of Children\u2019s Participation. International Journal of Children\u2019s Rights. Vol. 15(2007), 199\u2013218.<\/p>\n\n\n\n<p>Vuorela, T. &amp; Ver\u00e4v\u00e4inen, K. (2000) Uutta osallisuutta pienin askelin. Osallisuushankkeen I vaiheen arviointi. Helsinki: Suomen Kuntaliitto, HAUS Hallinnon kehitt\u00e4miskeskus.<\/p>\n","protected":false},"excerpt":{"rendered":"<p>Delaktighet \u00e4r ett brett begrepp och \u00e5sikterna om hur det definieras g\u00e5r is\u00e4r. Inom olika delaktighetsprojekt har man d\u00e4rf\u00f6r f\u00f6redragit att undvika alltf\u00f6r strikta definitioner och varit \u00f6ppen f\u00f6r olika kompletterande tolkningar. I Finland talar man om delaktighet och deltagande. Man f\u00f6redrar att skilja p\u00e5 begreppen delaktighet och deltagande, \u00e4ven om man p\u00e5 engelska kan &hellip; <a href=\"https:\/\/nuoretjaosallisuus.fi\/sv\/information-om-delaktighet-2\/\" class=\"more-link\">Lue lis\u00e4\u00e4<span class=\"screen-reader-text\"> &#8221;Information om delaktighet&#8221;<\/span><\/a><\/p>\n","protected":false},"author":38,"featured_media":0,"parent":0,"menu_order":0,"comment_status":"closed","ping_status":"closed","template":"","meta":{"_acf_changed":false,"_relevanssi_hide_post":"","_relevanssi_hide_content":"","_relevanssi_pin_for_all":"","_relevanssi_pin_keywords":"","_relevanssi_unpin_keywords":"","_relevanssi_related_keywords":"","_relevanssi_related_include_ids":"","_relevanssi_related_exclude_ids":"","_relevanssi_related_no_append":"","_relevanssi_related_not_related":"","_relevanssi_related_posts":"","_relevanssi_noindex_reason":"","_eb_attr":"","footnotes":""},"class_list":["post-4402","page","type-page","status-publish","hentry"],"acf":[],"yoast_head":"<!-- This site is optimized with the Yoast SEO plugin v27.4 - https:\/\/yoast.com\/product\/yoast-seo-wordpress\/ -->\n<title>Information om delaktighet - Ungas delaktighet<\/title>\n<meta name=\"description\" content=\"Information om delaktighet\" \/>\n<meta name=\"robots\" content=\"index, follow, max-snippet:-1, max-image-preview:large, max-video-preview:-1\" \/>\n<link rel=\"canonical\" href=\"https:\/\/nuoretjaosallisuus.fi\/sv\/information-om-delaktighet-2\/\" \/>\n<meta property=\"og:locale\" content=\"sv_SE\" \/>\n<meta property=\"og:type\" content=\"article\" \/>\n<meta property=\"og:title\" content=\"Information om delaktighet - Ungas delaktighet\" \/>\n<meta property=\"og:description\" content=\"Information om delaktighet\" \/>\n<meta property=\"og:url\" content=\"https:\/\/nuoretjaosallisuus.fi\/sv\/information-om-delaktighet-2\/\" \/>\n<meta property=\"og:site_name\" content=\"Ungas delaktighet\" \/>\n<meta property=\"article:modified_time\" content=\"2022-12-27T13:19:19+00:00\" \/>\n<meta name=\"twitter:card\" content=\"summary_large_image\" \/>\n<meta name=\"twitter:label1\" content=\"Ber\u00e4knad l\u00e4stid\" \/>\n\t<meta name=\"twitter:data1\" content=\"3 minuter\" \/>\n<script type=\"application\/ld+json\" class=\"yoast-schema-graph\">{\"@context\":\"https:\\\/\\\/schema.org\",\"@graph\":[{\"@type\":\"WebPage\",\"@id\":\"https:\\\/\\\/nuoretjaosallisuus.fi\\\/sv\\\/information-om-delaktighet-2\\\/\",\"url\":\"https:\\\/\\\/nuoretjaosallisuus.fi\\\/sv\\\/information-om-delaktighet-2\\\/\",\"name\":\"Information om delaktighet - Ungas delaktighet\",\"isPartOf\":{\"@id\":\"https:\\\/\\\/nuoretjaosallisuus.fi\\\/#website\"},\"datePublished\":\"2021-04-08T08:27:38+00:00\",\"dateModified\":\"2022-12-27T13:19:19+00:00\",\"description\":\"Information om delaktighet\",\"inLanguage\":\"sv-SE\",\"potentialAction\":[{\"@type\":\"ReadAction\",\"target\":[\"https:\\\/\\\/nuoretjaosallisuus.fi\\\/sv\\\/information-om-delaktighet-2\\\/\"]}]},{\"@type\":\"WebSite\",\"@id\":\"https:\\\/\\\/nuoretjaosallisuus.fi\\\/#website\",\"url\":\"https:\\\/\\\/nuoretjaosallisuus.fi\\\/\",\"name\":\"Ungas delaktighet\",\"description\":\"Onnistunutta osallisuutta nuorille\",\"potentialAction\":[{\"@type\":\"SearchAction\",\"target\":{\"@type\":\"EntryPoint\",\"urlTemplate\":\"https:\\\/\\\/nuoretjaosallisuus.fi\\\/?s={search_term_string}\"},\"query-input\":{\"@type\":\"PropertyValueSpecification\",\"valueRequired\":true,\"valueName\":\"search_term_string\"}}],\"inLanguage\":\"sv-SE\"}]}<\/script>\n<!-- \/ Yoast SEO plugin. -->","yoast_head_json":{"title":"Information om delaktighet - Ungas delaktighet","description":"Information om delaktighet","robots":{"index":"index","follow":"follow","max-snippet":"max-snippet:-1","max-image-preview":"max-image-preview:large","max-video-preview":"max-video-preview:-1"},"canonical":"https:\/\/nuoretjaosallisuus.fi\/sv\/information-om-delaktighet-2\/","og_locale":"sv_SE","og_type":"article","og_title":"Information om delaktighet - Ungas delaktighet","og_description":"Information om delaktighet","og_url":"https:\/\/nuoretjaosallisuus.fi\/sv\/information-om-delaktighet-2\/","og_site_name":"Ungas delaktighet","article_modified_time":"2022-12-27T13:19:19+00:00","twitter_card":"summary_large_image","twitter_misc":{"Ber\u00e4knad l\u00e4stid":"3 minuter"},"schema":{"@context":"https:\/\/schema.org","@graph":[{"@type":"WebPage","@id":"https:\/\/nuoretjaosallisuus.fi\/sv\/information-om-delaktighet-2\/","url":"https:\/\/nuoretjaosallisuus.fi\/sv\/information-om-delaktighet-2\/","name":"Information om delaktighet - Ungas delaktighet","isPartOf":{"@id":"https:\/\/nuoretjaosallisuus.fi\/#website"},"datePublished":"2021-04-08T08:27:38+00:00","dateModified":"2022-12-27T13:19:19+00:00","description":"Information om delaktighet","inLanguage":"sv-SE","potentialAction":[{"@type":"ReadAction","target":["https:\/\/nuoretjaosallisuus.fi\/sv\/information-om-delaktighet-2\/"]}]},{"@type":"WebSite","@id":"https:\/\/nuoretjaosallisuus.fi\/#website","url":"https:\/\/nuoretjaosallisuus.fi\/","name":"Ungas delaktighet","description":"Onnistunutta osallisuutta nuorille","potentialAction":[{"@type":"SearchAction","target":{"@type":"EntryPoint","urlTemplate":"https:\/\/nuoretjaosallisuus.fi\/?s={search_term_string}"},"query-input":{"@type":"PropertyValueSpecification","valueRequired":true,"valueName":"search_term_string"}}],"inLanguage":"sv-SE"}]}},"_links":{"self":[{"href":"https:\/\/nuoretjaosallisuus.fi\/sv\/wp-json\/wp\/v2\/pages\/4402","targetHints":{"allow":["GET"]}}],"collection":[{"href":"https:\/\/nuoretjaosallisuus.fi\/sv\/wp-json\/wp\/v2\/pages"}],"about":[{"href":"https:\/\/nuoretjaosallisuus.fi\/sv\/wp-json\/wp\/v2\/types\/page"}],"author":[{"embeddable":true,"href":"https:\/\/nuoretjaosallisuus.fi\/sv\/wp-json\/wp\/v2\/users\/38"}],"replies":[{"embeddable":true,"href":"https:\/\/nuoretjaosallisuus.fi\/sv\/wp-json\/wp\/v2\/comments?post=4402"}],"version-history":[{"count":8,"href":"https:\/\/nuoretjaosallisuus.fi\/sv\/wp-json\/wp\/v2\/pages\/4402\/revisions"}],"predecessor-version":[{"id":8046,"href":"https:\/\/nuoretjaosallisuus.fi\/sv\/wp-json\/wp\/v2\/pages\/4402\/revisions\/8046"}],"wp:attachment":[{"href":"https:\/\/nuoretjaosallisuus.fi\/sv\/wp-json\/wp\/v2\/media?parent=4402"}],"curies":[{"name":"wp","href":"https:\/\/api.w.org\/{rel}","templated":true}]}}