{"id":4468,"date":"2021-04-09T15:27:02","date_gmt":"2021-04-09T12:27:02","guid":{"rendered":"https:\/\/nuoretjaosallisuus.fi\/helhet-ii\/"},"modified":"2022-12-22T10:25:04","modified_gmt":"2022-12-22T08:25:04","slug":"helhet-i","status":"publish","type":"page","link":"https:\/\/nuoretjaosallisuus.fi\/sv\/helhet-i\/","title":{"rendered":"HELHET I"},"content":{"rendered":"\n<p id=\"block-4b2f4749-f410-4140-bb53-ce2b54b85d3f\">L\u00e4s om varf\u00f6r ungdomars upplevelser av delaktighet \u00e4r viktiga. P\u00e5 den h\u00e4r sidan lyfts ocks\u00e5 fram verksamhetsmodeller och verktyg som har anv\u00e4nts f\u00f6r att st\u00e4rka ungdomars upplevelser av att tillh\u00f6ra en grupp och bli h\u00f6rda. Ta en titt och snappa \u00e5t dig id\u00e9er som du kan anv\u00e4nda i ditt eget arbete!<\/p>\n\n\n\n<h2 class=\"wp-block-heading\">Ungdomars upplevelser av delaktighet<\/h2>\n\n\n\n<p>Delaktighet \u00e4r b\u00e5de en k\u00e4nsla av grupptillh\u00f6righet och av att ens handlingar och \u00e5sikter \u00e4r betydelsefulla. Individen upplever att hen \u00e4r uppskattad och blir h\u00f6rd. Av vuxna kr\u00e4ver detta en vilja att bem\u00f6ta unga personer p\u00e5 ett respektfullt och \u00e4kta s\u00e4tt. Ungdomar ska inte betraktas som halvf\u00e4rdiga vuxna, utan som experter p\u00e5 sin egen vardag och livsmilj\u00f6.<\/p>\n\n\n\n<p>Interaktionen ska utg\u00e5 fr\u00e5n en \u00e4kta vilja att lyssna p\u00e5 unga personer och en str\u00e4van att hitta en gemensam melodi. Av kommunens medarbetare kan detta kr\u00e4va mod att frig\u00f6ra sig fr\u00e5n sin yrkesroll och yrkesjargong.<\/p>\n\n\n\n<p>Delaktighet inneb\u00e4r ocks\u00e5 en vilja att tillh\u00f6ra en grupp. Individer har st\u00f6rre vilja att tillh\u00f6ra en grupp om de vet p\u00e5 vilket s\u00e4tt de kan delta och agera. Dessa kunskaper och f\u00e4rdigheter f\u00f6ds inte av sig sj\u00e4lv utan alla ungdomar skall ha en m\u00f6jlighet att l\u00e4ra sig och ta del av information i enlighet med sin utvecklingsniv\u00e5. Positiva upplevelser och tro p\u00e5 sig sj\u00e4lv uppmuntrar ungdomar till att vara aktiva, delta och p\u00e5verka.<\/p>\n\n\n\n<p>Det \u00e4r p\u00e5 de vuxnas ansvar att st\u00e4rka ungdomars akt\u00f6rskap och vid behov erbjuda dem hj\u00e4lp. En vuxen kan f\u00f6rklara hur saker och ting g\u00e5r till, ge ansvar och utrymme f\u00f6r att b\u00e5de lyckas och misslyckas, samt hj\u00e4lpa ungdomar att m\u00e4rka vad de har l\u00e4rt sig.<\/p>\n\n\n<div class=\"material-block\">\n    <div class=\"icon-container\"><i class=\"fal fal fa-comments\"><\/i><\/div>\n    <div class=\"file-info\">\n                <h3><a href=\"https:\/\/nuoretjaosallisuus.fi\/sv\/kriterium-1\/\">1. M\u00f6t unga genom att lyssna<\/a><\/h3>\n                <p><\/p>\n    <\/div>\n<\/div>\n\n<div class=\"material-block\">\n    <div class=\"icon-container\"><i class=\"fal fa-tachometer-average\"><\/i><\/div>\n    <div class=\"file-info\">\n                <h3><a href=\"https:\/\/nuoretjaosallisuus.fi\/sv\/kriterium-2-delaktigheten-vaxer-i-takt-med-att-unga-mognar\/\">2. \u00c5lder och utvecklingsniv\u00e5<\/a><\/h3>\n                <p><\/p>\n    <\/div>\n<\/div>","protected":false},"excerpt":{"rendered":"<p>L\u00e4s om varf\u00f6r ungdomars upplevelser av delaktighet \u00e4r viktiga. P\u00e5 den h\u00e4r sidan lyfts ocks\u00e5 fram verksamhetsmodeller och verktyg som har anv\u00e4nts f\u00f6r att st\u00e4rka ungdomars upplevelser av att tillh\u00f6ra en grupp och bli h\u00f6rda. Ta en titt och snappa \u00e5t dig id\u00e9er som du kan anv\u00e4nda i ditt eget arbete! Ungdomars upplevelser av delaktighet &hellip; <a href=\"https:\/\/nuoretjaosallisuus.fi\/sv\/helhet-i\/\" class=\"more-link\">Lue lis\u00e4\u00e4<span class=\"screen-reader-text\"> &#8221;HELHET I&#8221;<\/span><\/a><\/p>\n","protected":false},"author":38,"featured_media":0,"parent":0,"menu_order":0,"comment_status":"closed","ping_status":"closed","template":"","meta":{"_acf_changed":false,"_relevanssi_hide_post":"","_relevanssi_hide_content":"","_relevanssi_pin_for_all":"","_relevanssi_pin_keywords":"","_relevanssi_unpin_keywords":"","_relevanssi_related_keywords":"","_relevanssi_related_include_ids":"","_relevanssi_related_exclude_ids":"","_relevanssi_related_no_append":"","_relevanssi_related_not_related":"","_relevanssi_related_posts":"","_relevanssi_noindex_reason":"","_eb_attr":"","footnotes":""},"class_list":["post-4468","page","type-page","status-publish","hentry"],"acf":[],"yoast_head":"<!-- This site is optimized with the Yoast SEO plugin v27.4 - https:\/\/yoast.com\/product\/yoast-seo-wordpress\/ -->\n<title>HELHET I - Ungas delaktighet<\/title>\n<meta name=\"description\" content=\"L\u00e4s om varf\u00f6r ungdomars upplevelser av delaktighet \u00e4r viktiga. P\u00e5 den h\u00e4r sidan lyfts ocks\u00e5 fram verksamhetsmodeller och verktyg som har anv\u00e4nts f\u00f6r att st\u00e4rka ungdomars upplevelser av att tillh\u00f6ra en grupp och bli h\u00f6rda. Ta en titt och snappa \u00e5t dig id\u00e9er som du kan anv\u00e4nda i ditt eget arbete!\" \/>\n<meta name=\"robots\" content=\"index, follow, max-snippet:-1, max-image-preview:large, max-video-preview:-1\" \/>\n<link rel=\"canonical\" href=\"https:\/\/nuoretjaosallisuus.fi\/sv\/helhet-i\/\" \/>\n<meta property=\"og:locale\" content=\"sv_SE\" \/>\n<meta property=\"og:type\" content=\"article\" \/>\n<meta property=\"og:title\" content=\"HELHET I - Ungas delaktighet\" \/>\n<meta property=\"og:description\" content=\"L\u00e4s om varf\u00f6r ungdomars upplevelser av delaktighet \u00e4r viktiga. P\u00e5 den h\u00e4r sidan lyfts ocks\u00e5 fram verksamhetsmodeller och verktyg som har anv\u00e4nts f\u00f6r att st\u00e4rka ungdomars upplevelser av att tillh\u00f6ra en grupp och bli h\u00f6rda. Ta en titt och snappa \u00e5t dig id\u00e9er som du kan anv\u00e4nda i ditt eget arbete!\" \/>\n<meta property=\"og:url\" content=\"https:\/\/nuoretjaosallisuus.fi\/sv\/helhet-i\/\" \/>\n<meta property=\"og:site_name\" content=\"Ungas delaktighet\" \/>\n<meta property=\"article:modified_time\" content=\"2022-12-22T08:25:04+00:00\" \/>\n<meta name=\"twitter:card\" content=\"summary_large_image\" \/>\n<meta name=\"twitter:label1\" content=\"Ber\u00e4knad l\u00e4stid\" \/>\n\t<meta name=\"twitter:data1\" content=\"2 minuter\" \/>\n<script type=\"application\/ld+json\" class=\"yoast-schema-graph\">{\"@context\":\"https:\\\/\\\/schema.org\",\"@graph\":[{\"@type\":\"WebPage\",\"@id\":\"https:\\\/\\\/nuoretjaosallisuus.fi\\\/sv\\\/helhet-i\\\/\",\"url\":\"https:\\\/\\\/nuoretjaosallisuus.fi\\\/sv\\\/helhet-i\\\/\",\"name\":\"HELHET I - Ungas delaktighet\",\"isPartOf\":{\"@id\":\"https:\\\/\\\/nuoretjaosallisuus.fi\\\/#website\"},\"datePublished\":\"2021-04-09T12:27:02+00:00\",\"dateModified\":\"2022-12-22T08:25:04+00:00\",\"description\":\"L\u00e4s om varf\u00f6r ungdomars upplevelser av delaktighet \u00e4r viktiga. P\u00e5 den h\u00e4r sidan lyfts ocks\u00e5 fram verksamhetsmodeller och verktyg som har anv\u00e4nts f\u00f6r att st\u00e4rka ungdomars upplevelser av att tillh\u00f6ra en grupp och bli h\u00f6rda. Ta en titt och snappa \u00e5t dig id\u00e9er som du kan anv\u00e4nda i ditt eget arbete!\",\"inLanguage\":\"sv-SE\",\"potentialAction\":[{\"@type\":\"ReadAction\",\"target\":[\"https:\\\/\\\/nuoretjaosallisuus.fi\\\/sv\\\/helhet-i\\\/\"]}]},{\"@type\":\"WebSite\",\"@id\":\"https:\\\/\\\/nuoretjaosallisuus.fi\\\/#website\",\"url\":\"https:\\\/\\\/nuoretjaosallisuus.fi\\\/\",\"name\":\"Ungas delaktighet\",\"description\":\"Onnistunutta osallisuutta nuorille\",\"potentialAction\":[{\"@type\":\"SearchAction\",\"target\":{\"@type\":\"EntryPoint\",\"urlTemplate\":\"https:\\\/\\\/nuoretjaosallisuus.fi\\\/?s={search_term_string}\"},\"query-input\":{\"@type\":\"PropertyValueSpecification\",\"valueRequired\":true,\"valueName\":\"search_term_string\"}}],\"inLanguage\":\"sv-SE\"}]}<\/script>\n<!-- \/ Yoast SEO plugin. -->","yoast_head_json":{"title":"HELHET I - Ungas delaktighet","description":"L\u00e4s om varf\u00f6r ungdomars upplevelser av delaktighet \u00e4r viktiga. P\u00e5 den h\u00e4r sidan lyfts ocks\u00e5 fram verksamhetsmodeller och verktyg som har anv\u00e4nts f\u00f6r att st\u00e4rka ungdomars upplevelser av att tillh\u00f6ra en grupp och bli h\u00f6rda. Ta en titt och snappa \u00e5t dig id\u00e9er som du kan anv\u00e4nda i ditt eget arbete!","robots":{"index":"index","follow":"follow","max-snippet":"max-snippet:-1","max-image-preview":"max-image-preview:large","max-video-preview":"max-video-preview:-1"},"canonical":"https:\/\/nuoretjaosallisuus.fi\/sv\/helhet-i\/","og_locale":"sv_SE","og_type":"article","og_title":"HELHET I - Ungas delaktighet","og_description":"L\u00e4s om varf\u00f6r ungdomars upplevelser av delaktighet \u00e4r viktiga. P\u00e5 den h\u00e4r sidan lyfts ocks\u00e5 fram verksamhetsmodeller och verktyg som har anv\u00e4nts f\u00f6r att st\u00e4rka ungdomars upplevelser av att tillh\u00f6ra en grupp och bli h\u00f6rda. Ta en titt och snappa \u00e5t dig id\u00e9er som du kan anv\u00e4nda i ditt eget arbete!","og_url":"https:\/\/nuoretjaosallisuus.fi\/sv\/helhet-i\/","og_site_name":"Ungas delaktighet","article_modified_time":"2022-12-22T08:25:04+00:00","twitter_card":"summary_large_image","twitter_misc":{"Ber\u00e4knad l\u00e4stid":"2 minuter"},"schema":{"@context":"https:\/\/schema.org","@graph":[{"@type":"WebPage","@id":"https:\/\/nuoretjaosallisuus.fi\/sv\/helhet-i\/","url":"https:\/\/nuoretjaosallisuus.fi\/sv\/helhet-i\/","name":"HELHET I - Ungas delaktighet","isPartOf":{"@id":"https:\/\/nuoretjaosallisuus.fi\/#website"},"datePublished":"2021-04-09T12:27:02+00:00","dateModified":"2022-12-22T08:25:04+00:00","description":"L\u00e4s om varf\u00f6r ungdomars upplevelser av delaktighet \u00e4r viktiga. P\u00e5 den h\u00e4r sidan lyfts ocks\u00e5 fram verksamhetsmodeller och verktyg som har anv\u00e4nts f\u00f6r att st\u00e4rka ungdomars upplevelser av att tillh\u00f6ra en grupp och bli h\u00f6rda. Ta en titt och snappa \u00e5t dig id\u00e9er som du kan anv\u00e4nda i ditt eget arbete!","inLanguage":"sv-SE","potentialAction":[{"@type":"ReadAction","target":["https:\/\/nuoretjaosallisuus.fi\/sv\/helhet-i\/"]}]},{"@type":"WebSite","@id":"https:\/\/nuoretjaosallisuus.fi\/#website","url":"https:\/\/nuoretjaosallisuus.fi\/","name":"Ungas delaktighet","description":"Onnistunutta osallisuutta nuorille","potentialAction":[{"@type":"SearchAction","target":{"@type":"EntryPoint","urlTemplate":"https:\/\/nuoretjaosallisuus.fi\/?s={search_term_string}"},"query-input":{"@type":"PropertyValueSpecification","valueRequired":true,"valueName":"search_term_string"}}],"inLanguage":"sv-SE"}]}},"_links":{"self":[{"href":"https:\/\/nuoretjaosallisuus.fi\/sv\/wp-json\/wp\/v2\/pages\/4468","targetHints":{"allow":["GET"]}}],"collection":[{"href":"https:\/\/nuoretjaosallisuus.fi\/sv\/wp-json\/wp\/v2\/pages"}],"about":[{"href":"https:\/\/nuoretjaosallisuus.fi\/sv\/wp-json\/wp\/v2\/types\/page"}],"author":[{"embeddable":true,"href":"https:\/\/nuoretjaosallisuus.fi\/sv\/wp-json\/wp\/v2\/users\/38"}],"replies":[{"embeddable":true,"href":"https:\/\/nuoretjaosallisuus.fi\/sv\/wp-json\/wp\/v2\/comments?post=4468"}],"version-history":[{"count":9,"href":"https:\/\/nuoretjaosallisuus.fi\/sv\/wp-json\/wp\/v2\/pages\/4468\/revisions"}],"predecessor-version":[{"id":8033,"href":"https:\/\/nuoretjaosallisuus.fi\/sv\/wp-json\/wp\/v2\/pages\/4468\/revisions\/8033"}],"wp:attachment":[{"href":"https:\/\/nuoretjaosallisuus.fi\/sv\/wp-json\/wp\/v2\/media?parent=4468"}],"curies":[{"name":"wp","href":"https:\/\/api.w.org\/{rel}","templated":true}]}}