{"id":4532,"date":"2021-04-09T16:28:12","date_gmt":"2021-04-09T13:28:12","guid":{"rendered":"https:\/\/nuoretjaosallisuus.fi\/helhet-iv\/"},"modified":"2022-12-22T09:47:26","modified_gmt":"2022-12-22T07:47:26","slug":"helhet-iv","status":"publish","type":"page","link":"https:\/\/nuoretjaosallisuus.fi\/sv\/helhet-iv\/","title":{"rendered":"HELHET IV"},"content":{"rendered":"\n<p>L\u00e4s mera om vilka f\u00f6ruts\u00e4ttningar som kr\u00e4vs p\u00e5 kommunniv\u00e5 f\u00f6r ungas delaktighet. P\u00e5 den h\u00e4r sidan lyfter vi ocks\u00e5 fram verksamhetsmodeller och verktyg som har anv\u00e4nts f\u00f6r att st\u00e4rka ungas delaktighet i kommunerna. Ta en titt och snappa \u00e5t dig id\u00e9er som du kan anv\u00e4nda i ditt eget arbete!<\/p>\n\n\n\n<h1 class=\"wp-block-heading\">Att skapa m\u00f6jligheter f\u00f6r ungas delaktighet p\u00e5 kommunniv\u00e5<\/h1>\n\n\n\n<p>Ungdomars m\u00f6jligheter att delta och p\u00e5verka s\u00e4kerst\u00e4lls i b\u00e5de nationella och internationella lagar och f\u00f6rordningar. Ungdomars p\u00e5verkansgrupper i kommunerna fastst\u00e4lls i kommunallagen (26 \u00a7), och elevk\u00e5rernas verksamhet regleras i lagen om grundl\u00e4ggande utbildning (47 a \u00a7) och gymnasielagen (33 \u00a7) samt lagen om yrkesutbildning (106 \u00a7).<\/p>\n\n\n\n<p>Det r\u00e4cker inte med att bara grunda p\u00e5verkansgrupper f\u00f6r unga, utan ungdomar ska ocks\u00e5 ha reella m\u00f6jligheter att delta i planering, beslutsfattande och utv\u00e4rderingen av olika \u00e4renden. Tj\u00e4nsteinnehavare, anst\u00e4llda och beslutsfattare i kommunerna ska ocks\u00e5 samarbeta med p\u00e5verkansgrupperna. Det ska finnas tillr\u00e4ckligt med resurser f\u00f6r verksamheten s\u00e5 att man vid behov kan ordna introduktion, handledning och utbildning.  Ungdomars p\u00e5verkansgrupper ska ocks\u00e5 ha m\u00f6jlighet att sj\u00e4lvst\u00e4ndigt utveckla sin verksamhet, de ska inte finnas till bara f\u00f6r att uppfylla vuxnas \u00f6nskem\u00e5l och behov.<\/p>\n\n\n\n<p>F\u00f6r att kunna involvera ungdomar p\u00e5 ett naturligt, regelbundet och systematiskt s\u00e4tt kan det beh\u00f6vas f\u00f6r\u00e4ndring i fr\u00e5ga om s\u00e5v\u00e4l attityder som verksamhetskulturen, strukturer och kommunens strategi. F\u00f6r\u00e4ndringsprocessen kan kr\u00e4va utbildning och introduktion, s\u00e5 att kommunens medarbetare f\u00e5r de kompetenser som beh\u00f6vs. Man beh\u00f6ver inte g\u00f6ra allting sj\u00e4lvst\u00e4ndigt, utan kommunen kan dra nytta av den expertis om ungas delaktighet som finns inom den privata sektorn och olika organisationer och f\u00f6reningar. F\u00f6r att samarbetet med olika organisationer kring ungas delaktighet ska leda till resultat \u00e4r det bra att tillsammans komma \u00f6verens om m\u00e5len och utvecklingsbehoven.<\/p>\n\n\n\n<p>Kommunikationen \u00e4r av st\u00f6rsta vikt n\u00e4r man utvecklar ungas delaktighet p\u00e5 kommunniv\u00e5. Det g\u00e4ller att f\u00e4sta uppm\u00e4rksamhet vid vilka kanaler som anv\u00e4nds i kommunikationen, s\u00e5 att den n\u00e5r ungdomar. De kanske inte l\u00e4ser kommunens anslagstavla eller bes\u00f6ker kommunens webbplats s\u00e5 ofta. Vi rekommenderar att ni tar med ungdomar i planeringen och genomf\u00f6randet av kommunikationen, s\u00e5 att inneh\u00e5llet och kanalerna passar unga. Lagen om tillhandah\u00e5llande av digitala tj\u00e4nster (306\/2019) f\u00f6ruts\u00e4tter att myndigheter och sj\u00e4lvst\u00e4ndiga offentligr\u00e4ttsliga inr\u00e4ttningar ska g\u00f6ra sina webbtj\u00e4nster och mobila applikationer tillg\u00e4ngliga f\u00f6r alla. Tydlig och begriplig kommunikation inneb\u00e4r sm\u00e5 vardagliga handlingar. T\u00e4nk p\u00e5 att du sj\u00e4lv p\u00e5verkar hur du blir f\u00f6rst\u00e5dd och att den du talar med k\u00e4nner sig som en j\u00e4mlik samtalspartner.<\/p>\n\n\n<div class=\"material-block\">\n    <div class=\"icon-container\"><i class=\"fal fa-user-friends\"><\/i><\/div>\n    <div class=\"file-info\">\n                <h3><a href=\"https:\/\/nuoretjaosallisuus.fi\/sv\/kriterium-8-ungas-paverkningsgrupper-ar-en-del-av-beslutsfattandet\/\">8. Strukturer<\/a><\/h3>\n                <p>Ungas p\u00e5verkningsgrupper \u00e4r en del av beslutsfattandet.<\/p>\n    <\/div>\n<\/div>\n\n<div class=\"material-block\">\n    <div class=\"icon-container\"><i class=\"fal fa-arrows-alt\"><\/i><\/div>\n    <div class=\"file-info\">\n                <h3><a href=\"https:\/\/nuoretjaosallisuus.fi\/sv\/kriterium-8-ungas-paverkningsgrupper-ar-en-del-av-beslutsfattandet\/\">9. Alla sektorer<\/a><\/h3>\n                <p>Ungas p\u00e5verkningsgrupper \u00e4r en del av beslutsfattandet.<\/p>\n    <\/div>\n<\/div>\n\n<div class=\"material-block\">\n    <div class=\"icon-container\"><i class=\"fal fa-handshake\"><\/i><\/div>\n    <div class=\"file-info\">\n                <h3><a href=\"https:\/\/nuoretjaosallisuus.fi\/sv\/kriterium-9-ungas-delaktighet-kan-starkas-inom-alla-sektorer\/\">10. Samarbete<\/a><\/h3>\n                <p>Kommunen samarbetar med olika organisationer f\u00f6r att utveckla ungas delaktighet.<\/p>\n    <\/div>\n<\/div>\n\n<div class=\"material-block\">\n    <div class=\"icon-container\"><i class=\"fal fa-certificate\"><\/i><\/div>\n    <div class=\"file-info\">\n                <h3><a href=\"https:\/\/nuoretjaosallisuus.fi\/sv\/kriterium-11-tjansteinnehavare-och-anstallda-inom-kommunen-far-utbildning-om-ungas-delaktighet\/\">11. Kunskaper<\/a><\/h3>\n                <p>Tj\u00e4nsteinnehavare och anst\u00e4llda inom kommunen f\u00e5r utbildning om ungas delaktighet.<\/p>\n    <\/div>\n<\/div>\n\n<div class=\"material-block\">\n    <div class=\"icon-container\"><i class=\"fal fa-paper-plane\"><\/i><\/div>\n    <div class=\"file-info\">\n                <h3><a href=\"https:\/\/nuoretjaosallisuus.fi\/sv\/kriterium-12-informationen-som-riktas-till-ungdomar-motsvarar-deras-onskemal-och-behov\/\">12. Kommunikation<\/a><\/h3>\n                <p>Kommunikationen till ungdomar motsvarar deras \u00f6nskem\u00e5l och behov.<\/p>\n    <\/div>\n<\/div>","protected":false},"excerpt":{"rendered":"<p>L\u00e4s mera om vilka f\u00f6ruts\u00e4ttningar som kr\u00e4vs p\u00e5 kommunniv\u00e5 f\u00f6r ungas delaktighet. P\u00e5 den h\u00e4r sidan lyfter vi ocks\u00e5 fram verksamhetsmodeller och verktyg som har anv\u00e4nts f\u00f6r att st\u00e4rka ungas delaktighet i kommunerna. Ta en titt och snappa \u00e5t dig id\u00e9er som du kan anv\u00e4nda i ditt eget arbete! Att skapa m\u00f6jligheter f\u00f6r ungas delaktighet &hellip; <a href=\"https:\/\/nuoretjaosallisuus.fi\/sv\/helhet-iv\/\" class=\"more-link\">Lue lis\u00e4\u00e4<span class=\"screen-reader-text\"> &#8221;HELHET IV&#8221;<\/span><\/a><\/p>\n","protected":false},"author":38,"featured_media":0,"parent":0,"menu_order":0,"comment_status":"closed","ping_status":"closed","template":"","meta":{"_acf_changed":false,"_relevanssi_hide_post":"","_relevanssi_hide_content":"","_relevanssi_pin_for_all":"","_relevanssi_pin_keywords":"","_relevanssi_unpin_keywords":"","_relevanssi_related_keywords":"","_relevanssi_related_include_ids":"","_relevanssi_related_exclude_ids":"","_relevanssi_related_no_append":"","_relevanssi_related_not_related":"","_relevanssi_related_posts":"","_relevanssi_noindex_reason":"","_eb_attr":"","footnotes":""},"class_list":["post-4532","page","type-page","status-publish","hentry"],"acf":[],"yoast_head":"<!-- This site is optimized with the Yoast SEO plugin v27.4 - https:\/\/yoast.com\/product\/yoast-seo-wordpress\/ -->\n<title>HELHET IV - Ungas delaktighet<\/title>\n<meta name=\"description\" content=\"Ungdomars m\u00f6jligheter att delta och p\u00e5verka s\u00e4kerst\u00e4lls i b\u00e5de nationella och internationella lagar och f\u00f6rordningar. Ungdomars p\u00e5verkansgrupper i kommunerna fastst\u00e4lls i kommunallagen (26 \u00a7), och elevk\u00e5rernas verksamhet regleras i lagen om grundl\u00e4ggande utbildning (47 a \u00a7) och gymnasielagen (33 \u00a7) samt lagen om yrkesutbildning (106 \u00a7).\" \/>\n<meta name=\"robots\" content=\"index, follow, max-snippet:-1, max-image-preview:large, max-video-preview:-1\" \/>\n<link rel=\"canonical\" href=\"https:\/\/nuoretjaosallisuus.fi\/sv\/helhet-iv\/\" \/>\n<meta property=\"og:locale\" content=\"sv_SE\" \/>\n<meta property=\"og:type\" content=\"article\" \/>\n<meta property=\"og:title\" content=\"HELHET IV - Ungas delaktighet\" \/>\n<meta property=\"og:description\" content=\"Ungdomars m\u00f6jligheter att delta och p\u00e5verka s\u00e4kerst\u00e4lls i b\u00e5de nationella och internationella lagar och f\u00f6rordningar. Ungdomars p\u00e5verkansgrupper i kommunerna fastst\u00e4lls i kommunallagen (26 \u00a7), och elevk\u00e5rernas verksamhet regleras i lagen om grundl\u00e4ggande utbildning (47 a \u00a7) och gymnasielagen (33 \u00a7) samt lagen om yrkesutbildning (106 \u00a7).\" \/>\n<meta property=\"og:url\" content=\"https:\/\/nuoretjaosallisuus.fi\/sv\/helhet-iv\/\" \/>\n<meta property=\"og:site_name\" content=\"Ungas delaktighet\" \/>\n<meta property=\"article:modified_time\" content=\"2022-12-22T07:47:26+00:00\" \/>\n<meta name=\"twitter:card\" content=\"summary_large_image\" \/>\n<meta name=\"twitter:label1\" content=\"Ber\u00e4knad l\u00e4stid\" \/>\n\t<meta name=\"twitter:data1\" content=\"3 minuter\" \/>\n<script type=\"application\/ld+json\" class=\"yoast-schema-graph\">{\"@context\":\"https:\\\/\\\/schema.org\",\"@graph\":[{\"@type\":\"WebPage\",\"@id\":\"https:\\\/\\\/nuoretjaosallisuus.fi\\\/sv\\\/helhet-iv\\\/\",\"url\":\"https:\\\/\\\/nuoretjaosallisuus.fi\\\/sv\\\/helhet-iv\\\/\",\"name\":\"HELHET IV - Ungas delaktighet\",\"isPartOf\":{\"@id\":\"https:\\\/\\\/nuoretjaosallisuus.fi\\\/#website\"},\"datePublished\":\"2021-04-09T13:28:12+00:00\",\"dateModified\":\"2022-12-22T07:47:26+00:00\",\"description\":\"Ungdomars m\u00f6jligheter att delta och p\u00e5verka s\u00e4kerst\u00e4lls i b\u00e5de nationella och internationella lagar och f\u00f6rordningar. Ungdomars p\u00e5verkansgrupper i kommunerna fastst\u00e4lls i kommunallagen (26 \u00a7), och elevk\u00e5rernas verksamhet regleras i lagen om grundl\u00e4ggande utbildning (47 a \u00a7) och gymnasielagen (33 \u00a7) samt lagen om yrkesutbildning (106 \u00a7).\",\"inLanguage\":\"sv-SE\",\"potentialAction\":[{\"@type\":\"ReadAction\",\"target\":[\"https:\\\/\\\/nuoretjaosallisuus.fi\\\/sv\\\/helhet-iv\\\/\"]}]},{\"@type\":\"WebSite\",\"@id\":\"https:\\\/\\\/nuoretjaosallisuus.fi\\\/#website\",\"url\":\"https:\\\/\\\/nuoretjaosallisuus.fi\\\/\",\"name\":\"Ungas delaktighet\",\"description\":\"Onnistunutta osallisuutta nuorille\",\"potentialAction\":[{\"@type\":\"SearchAction\",\"target\":{\"@type\":\"EntryPoint\",\"urlTemplate\":\"https:\\\/\\\/nuoretjaosallisuus.fi\\\/?s={search_term_string}\"},\"query-input\":{\"@type\":\"PropertyValueSpecification\",\"valueRequired\":true,\"valueName\":\"search_term_string\"}}],\"inLanguage\":\"sv-SE\"}]}<\/script>\n<!-- \/ Yoast SEO plugin. -->","yoast_head_json":{"title":"HELHET IV - Ungas delaktighet","description":"Ungdomars m\u00f6jligheter att delta och p\u00e5verka s\u00e4kerst\u00e4lls i b\u00e5de nationella och internationella lagar och f\u00f6rordningar. Ungdomars p\u00e5verkansgrupper i kommunerna fastst\u00e4lls i kommunallagen (26 \u00a7), och elevk\u00e5rernas verksamhet regleras i lagen om grundl\u00e4ggande utbildning (47 a \u00a7) och gymnasielagen (33 \u00a7) samt lagen om yrkesutbildning (106 \u00a7).","robots":{"index":"index","follow":"follow","max-snippet":"max-snippet:-1","max-image-preview":"max-image-preview:large","max-video-preview":"max-video-preview:-1"},"canonical":"https:\/\/nuoretjaosallisuus.fi\/sv\/helhet-iv\/","og_locale":"sv_SE","og_type":"article","og_title":"HELHET IV - Ungas delaktighet","og_description":"Ungdomars m\u00f6jligheter att delta och p\u00e5verka s\u00e4kerst\u00e4lls i b\u00e5de nationella och internationella lagar och f\u00f6rordningar. Ungdomars p\u00e5verkansgrupper i kommunerna fastst\u00e4lls i kommunallagen (26 \u00a7), och elevk\u00e5rernas verksamhet regleras i lagen om grundl\u00e4ggande utbildning (47 a \u00a7) och gymnasielagen (33 \u00a7) samt lagen om yrkesutbildning (106 \u00a7).","og_url":"https:\/\/nuoretjaosallisuus.fi\/sv\/helhet-iv\/","og_site_name":"Ungas delaktighet","article_modified_time":"2022-12-22T07:47:26+00:00","twitter_card":"summary_large_image","twitter_misc":{"Ber\u00e4knad l\u00e4stid":"3 minuter"},"schema":{"@context":"https:\/\/schema.org","@graph":[{"@type":"WebPage","@id":"https:\/\/nuoretjaosallisuus.fi\/sv\/helhet-iv\/","url":"https:\/\/nuoretjaosallisuus.fi\/sv\/helhet-iv\/","name":"HELHET IV - Ungas delaktighet","isPartOf":{"@id":"https:\/\/nuoretjaosallisuus.fi\/#website"},"datePublished":"2021-04-09T13:28:12+00:00","dateModified":"2022-12-22T07:47:26+00:00","description":"Ungdomars m\u00f6jligheter att delta och p\u00e5verka s\u00e4kerst\u00e4lls i b\u00e5de nationella och internationella lagar och f\u00f6rordningar. Ungdomars p\u00e5verkansgrupper i kommunerna fastst\u00e4lls i kommunallagen (26 \u00a7), och elevk\u00e5rernas verksamhet regleras i lagen om grundl\u00e4ggande utbildning (47 a \u00a7) och gymnasielagen (33 \u00a7) samt lagen om yrkesutbildning (106 \u00a7).","inLanguage":"sv-SE","potentialAction":[{"@type":"ReadAction","target":["https:\/\/nuoretjaosallisuus.fi\/sv\/helhet-iv\/"]}]},{"@type":"WebSite","@id":"https:\/\/nuoretjaosallisuus.fi\/#website","url":"https:\/\/nuoretjaosallisuus.fi\/","name":"Ungas delaktighet","description":"Onnistunutta osallisuutta nuorille","potentialAction":[{"@type":"SearchAction","target":{"@type":"EntryPoint","urlTemplate":"https:\/\/nuoretjaosallisuus.fi\/?s={search_term_string}"},"query-input":{"@type":"PropertyValueSpecification","valueRequired":true,"valueName":"search_term_string"}}],"inLanguage":"sv-SE"}]}},"_links":{"self":[{"href":"https:\/\/nuoretjaosallisuus.fi\/sv\/wp-json\/wp\/v2\/pages\/4532","targetHints":{"allow":["GET"]}}],"collection":[{"href":"https:\/\/nuoretjaosallisuus.fi\/sv\/wp-json\/wp\/v2\/pages"}],"about":[{"href":"https:\/\/nuoretjaosallisuus.fi\/sv\/wp-json\/wp\/v2\/types\/page"}],"author":[{"embeddable":true,"href":"https:\/\/nuoretjaosallisuus.fi\/sv\/wp-json\/wp\/v2\/users\/38"}],"replies":[{"embeddable":true,"href":"https:\/\/nuoretjaosallisuus.fi\/sv\/wp-json\/wp\/v2\/comments?post=4532"}],"version-history":[{"count":5,"href":"https:\/\/nuoretjaosallisuus.fi\/sv\/wp-json\/wp\/v2\/pages\/4532\/revisions"}],"predecessor-version":[{"id":8028,"href":"https:\/\/nuoretjaosallisuus.fi\/sv\/wp-json\/wp\/v2\/pages\/4532\/revisions\/8028"}],"wp:attachment":[{"href":"https:\/\/nuoretjaosallisuus.fi\/sv\/wp-json\/wp\/v2\/media?parent=4532"}],"curies":[{"name":"wp","href":"https:\/\/api.w.org\/{rel}","templated":true}]}}