{"id":8721,"date":"2023-03-01T17:25:19","date_gmt":"2023-03-01T15:25:19","guid":{"rendered":"https:\/\/nuoretjaosallisuus.fi\/?post_type=solution&#038;p=8721"},"modified":"2023-03-01T17:29:51","modified_gmt":"2023-03-01T15:29:51","slug":"nuorten-mielenterveyspalveluihin-enemman-resursseja","status":"publish","type":"solution","link":"https:\/\/nuoretjaosallisuus.fi\/sv\/1000-ratkaisua\/nuorten-mielenterveyspalveluihin-enemman-resursseja\/","title":{"rendered":"Nuorten mielenterveyspalveluihin enemm\u00e4n resursseja"},"content":{"rendered":"\n<p>Nuorten mielenterveyspalveluihin tulee suunnata lis\u00e4\u00e4 resursseja. Jonoja t\u00e4ytyy saada lyhyemmiksi, ett\u00e4 hoitoonp\u00e4\u00e4sy\u00e4 ei tarvitsisi jonottaa pahimmillaan useita kuukausia vaikka tilanne olisi akuutti. My\u00f6s ty\u00f6ntekij\u00f6iden m\u00e4\u00e4r\u00e4\u00e4 tulee lis\u00e4t\u00e4. Olisi my\u00f6s t\u00e4rke\u00e4\u00e4 madaltaa nuorten kynnyst\u00e4 hakeutua avun piiriin.<\/p>\n","protected":false},"featured_media":0,"template":"","topics":[246],"region":[35],"municipality":[34],"target":[284],"language":[120],"class_list":["post-8721","solution","type-solution","status-publish","hentry","topics-mielenterveys","region-keski-suomi","municipality-jyvaskyla","target-suomi","language-suomi"],"acf":[],"yoast_head":"<!-- This site is optimized with the Yoast SEO plugin v27.4 - https:\/\/yoast.com\/product\/yoast-seo-wordpress\/ -->\n<title>Nuorten mielenterveyspalveluihin enemm\u00e4n resursseja - Ungas delaktighet<\/title>\n<meta name=\"robots\" content=\"index, follow, max-snippet:-1, max-image-preview:large, max-video-preview:-1\" \/>\n<link rel=\"canonical\" href=\"https:\/\/nuoretjaosallisuus.fi\/1000-ratkaisua\/nuorten-mielenterveyspalveluihin-enemman-resursseja\/\" \/>\n<meta property=\"og:locale\" content=\"sv_SE\" \/>\n<meta property=\"og:type\" content=\"article\" \/>\n<meta property=\"og:title\" content=\"Nuorten mielenterveyspalveluihin enemm\u00e4n resursseja - Ungas delaktighet\" \/>\n<meta property=\"og:description\" content=\"Nuorten mielenterveyspalveluihin tulee suunnata lis\u00e4\u00e4 resursseja. Jonoja t\u00e4ytyy saada lyhyemmiksi, ett\u00e4 hoitoonp\u00e4\u00e4sy\u00e4 ei tarvitsisi jonottaa pahimmillaan useita kuukausia vaikka tilanne olisi akuutti. My\u00f6s ty\u00f6ntekij\u00f6iden m\u00e4\u00e4r\u00e4\u00e4 tulee lis\u00e4t\u00e4. Olisi my\u00f6s t\u00e4rke\u00e4\u00e4 madaltaa nuorten kynnyst\u00e4 hakeutua avun piiriin.\" \/>\n<meta property=\"og:url\" content=\"https:\/\/nuoretjaosallisuus.fi\/1000-ratkaisua\/nuorten-mielenterveyspalveluihin-enemman-resursseja\/\" \/>\n<meta property=\"og:site_name\" content=\"Ungas delaktighet\" \/>\n<meta property=\"article:modified_time\" content=\"2023-03-01T15:29:51+00:00\" \/>\n<meta name=\"twitter:card\" content=\"summary_large_image\" \/>\n<meta name=\"twitter:label1\" content=\"Ber\u00e4knad l\u00e4stid\" \/>\n\t<meta name=\"twitter:data1\" content=\"1 minut\" \/>\n<script type=\"application\/ld+json\" class=\"yoast-schema-graph\">{\"@context\":\"https:\\\/\\\/schema.org\",\"@graph\":[{\"@type\":\"WebPage\",\"@id\":\"https:\\\/\\\/nuoretjaosallisuus.fi\\\/1000-ratkaisua\\\/nuorten-mielenterveyspalveluihin-enemman-resursseja\\\/\",\"url\":\"https:\\\/\\\/nuoretjaosallisuus.fi\\\/1000-ratkaisua\\\/nuorten-mielenterveyspalveluihin-enemman-resursseja\\\/\",\"name\":\"Nuorten mielenterveyspalveluihin enemm\u00e4n resursseja - Ungas delaktighet\",\"isPartOf\":{\"@id\":\"https:\\\/\\\/nuoretjaosallisuus.fi\\\/#website\"},\"datePublished\":\"2023-03-01T15:25:19+00:00\",\"dateModified\":\"2023-03-01T15:29:51+00:00\",\"inLanguage\":\"sv-SE\",\"potentialAction\":[{\"@type\":\"ReadAction\",\"target\":[\"https:\\\/\\\/nuoretjaosallisuus.fi\\\/1000-ratkaisua\\\/nuorten-mielenterveyspalveluihin-enemman-resursseja\\\/\"]}]},{\"@type\":\"WebSite\",\"@id\":\"https:\\\/\\\/nuoretjaosallisuus.fi\\\/#website\",\"url\":\"https:\\\/\\\/nuoretjaosallisuus.fi\\\/\",\"name\":\"Ungas delaktighet\",\"description\":\"Onnistunutta osallisuutta nuorille\",\"potentialAction\":[{\"@type\":\"SearchAction\",\"target\":{\"@type\":\"EntryPoint\",\"urlTemplate\":\"https:\\\/\\\/nuoretjaosallisuus.fi\\\/?s={search_term_string}\"},\"query-input\":{\"@type\":\"PropertyValueSpecification\",\"valueRequired\":true,\"valueName\":\"search_term_string\"}}],\"inLanguage\":\"sv-SE\"}]}<\/script>\n<!-- \/ Yoast SEO plugin. -->","yoast_head_json":{"title":"Nuorten mielenterveyspalveluihin enemm\u00e4n resursseja - Ungas delaktighet","robots":{"index":"index","follow":"follow","max-snippet":"max-snippet:-1","max-image-preview":"max-image-preview:large","max-video-preview":"max-video-preview:-1"},"canonical":"https:\/\/nuoretjaosallisuus.fi\/1000-ratkaisua\/nuorten-mielenterveyspalveluihin-enemman-resursseja\/","og_locale":"sv_SE","og_type":"article","og_title":"Nuorten mielenterveyspalveluihin enemm\u00e4n resursseja - Ungas delaktighet","og_description":"Nuorten mielenterveyspalveluihin tulee suunnata lis\u00e4\u00e4 resursseja. Jonoja t\u00e4ytyy saada lyhyemmiksi, ett\u00e4 hoitoonp\u00e4\u00e4sy\u00e4 ei tarvitsisi jonottaa pahimmillaan useita kuukausia vaikka tilanne olisi akuutti. My\u00f6s ty\u00f6ntekij\u00f6iden m\u00e4\u00e4r\u00e4\u00e4 tulee lis\u00e4t\u00e4. Olisi my\u00f6s t\u00e4rke\u00e4\u00e4 madaltaa nuorten kynnyst\u00e4 hakeutua avun piiriin.","og_url":"https:\/\/nuoretjaosallisuus.fi\/1000-ratkaisua\/nuorten-mielenterveyspalveluihin-enemman-resursseja\/","og_site_name":"Ungas delaktighet","article_modified_time":"2023-03-01T15:29:51+00:00","twitter_card":"summary_large_image","twitter_misc":{"Ber\u00e4knad l\u00e4stid":"1 minut"},"schema":{"@context":"https:\/\/schema.org","@graph":[{"@type":"WebPage","@id":"https:\/\/nuoretjaosallisuus.fi\/1000-ratkaisua\/nuorten-mielenterveyspalveluihin-enemman-resursseja\/","url":"https:\/\/nuoretjaosallisuus.fi\/1000-ratkaisua\/nuorten-mielenterveyspalveluihin-enemman-resursseja\/","name":"Nuorten mielenterveyspalveluihin enemm\u00e4n resursseja - Ungas delaktighet","isPartOf":{"@id":"https:\/\/nuoretjaosallisuus.fi\/#website"},"datePublished":"2023-03-01T15:25:19+00:00","dateModified":"2023-03-01T15:29:51+00:00","inLanguage":"sv-SE","potentialAction":[{"@type":"ReadAction","target":["https:\/\/nuoretjaosallisuus.fi\/1000-ratkaisua\/nuorten-mielenterveyspalveluihin-enemman-resursseja\/"]}]},{"@type":"WebSite","@id":"https:\/\/nuoretjaosallisuus.fi\/#website","url":"https:\/\/nuoretjaosallisuus.fi\/","name":"Ungas delaktighet","description":"Onnistunutta osallisuutta nuorille","potentialAction":[{"@type":"SearchAction","target":{"@type":"EntryPoint","urlTemplate":"https:\/\/nuoretjaosallisuus.fi\/?s={search_term_string}"},"query-input":{"@type":"PropertyValueSpecification","valueRequired":true,"valueName":"search_term_string"}}],"inLanguage":"sv-SE"}]}},"_links":{"self":[{"href":"https:\/\/nuoretjaosallisuus.fi\/sv\/wp-json\/wp\/v2\/products\/8721","targetHints":{"allow":["GET"]}}],"collection":[{"href":"https:\/\/nuoretjaosallisuus.fi\/sv\/wp-json\/wp\/v2\/products"}],"about":[{"href":"https:\/\/nuoretjaosallisuus.fi\/sv\/wp-json\/wp\/v2\/types\/solution"}],"version-history":[{"count":3,"href":"https:\/\/nuoretjaosallisuus.fi\/sv\/wp-json\/wp\/v2\/products\/8721\/revisions"}],"predecessor-version":[{"id":8733,"href":"https:\/\/nuoretjaosallisuus.fi\/sv\/wp-json\/wp\/v2\/products\/8721\/revisions\/8733"}],"wp:attachment":[{"href":"https:\/\/nuoretjaosallisuus.fi\/sv\/wp-json\/wp\/v2\/media?parent=8721"}],"wp:term":[{"taxonomy":"topics","embeddable":true,"href":"https:\/\/nuoretjaosallisuus.fi\/sv\/wp-json\/wp\/v2\/topics?post=8721"},{"taxonomy":"region","embeddable":true,"href":"https:\/\/nuoretjaosallisuus.fi\/sv\/wp-json\/wp\/v2\/region?post=8721"},{"taxonomy":"municipality","embeddable":true,"href":"https:\/\/nuoretjaosallisuus.fi\/sv\/wp-json\/wp\/v2\/municipality?post=8721"},{"taxonomy":"target","embeddable":true,"href":"https:\/\/nuoretjaosallisuus.fi\/sv\/wp-json\/wp\/v2\/target?post=8721"},{"taxonomy":"language","embeddable":true,"href":"https:\/\/nuoretjaosallisuus.fi\/sv\/wp-json\/wp\/v2\/language?post=8721"}],"curies":[{"name":"wp","href":"https:\/\/api.w.org\/{rel}","templated":true}]}}